{"id":1161,"date":"2023-11-18T20:15:24","date_gmt":"2023-11-18T20:15:24","guid":{"rendered":"https:\/\/proba.allatvedelmi-centrum.hu\/?post_type=betegseg&#038;p=1161"},"modified":"2023-11-20T19:40:44","modified_gmt":"2023-11-20T19:40:44","slug":"lyme-kor","status":"publish","type":"betegseg","link":"https:\/\/allatvedelmi-centrum.hu\/de\/betegseg\/lyme-kor\/","title":{"rendered":"Lyme-k\u00f3r"},"content":{"rendered":"<div data-elementor-type=\"wp-post\" data-elementor-id=\"1161\" class=\"elementor elementor-1161\" data-elementor-post-type=\"betegseg\">\n\t\t\t\t<div class=\"elementor-element elementor-element-68c493b5 e-con-full e-flex e-con e-parent\" data-id=\"68c493b5\" data-element_type=\"container\" data-settings=\"{&quot;background_background&quot;:&quot;classic&quot;}\">\n\t\t\t\t<\/div>\n\t\t<div class=\"elementor-element elementor-element-69d9f3db e-flex e-con-boxed e-con e-parent\" data-id=\"69d9f3db\" data-element_type=\"container\">\n\t\t\t\t\t<div class=\"e-con-inner\">\n\t\t<div class=\"elementor-element elementor-element-222cc877 e-con-full e-flex e-con e-child\" data-id=\"222cc877\" data-element_type=\"container\">\n\t\t\t\t<div class=\"elementor-element elementor-element-58992d0e elementor-widget elementor-widget-text-editor\" data-id=\"58992d0e\" data-element_type=\"widget\" data-widget_type=\"text-editor.default\">\n\t\t\t\t<div class=\"elementor-widget-container\">\n\t\t\t\t\t\t\t<p>A Borrelia burgdorferi bakt\u00e9rium minden szervet megt\u00e1mad, az idegrendszert, az \u00edz\u00fcleteket \u00e9s a sz\u00f6veteket.<\/p><p>A betegs\u00e9g a kuty\u00e1kn\u00e1l nem olyan gyakori, mint az embern\u00e9l, a fert\u0151z\u00e9svesz\u00e9ly kuty\u00e1r\u00f3l kuty\u00e1ra, vagy a kuty\u00e1r\u00f3l az emberre mindeddig kiz\u00e1rhat\u00f3.<\/p><p>A betegs\u00e9g kezdetben nem mutat ki jellegzetes t\u00fcneteket. Csak f\u00e1radts\u00e1g, l\u00e1z, \u00e9s \u00e9tv\u00e1gytalans\u00e1g tapasztalhat\u00f3. A betegs\u00e9g domin\u00e1ns k\u00e9pe \u00edz\u00fcleti probl\u00e9m\u00e1kat mutat ki (Lyme arthritis): az \u00edz\u00fcletekn\u00e9l f\u00e1jdalmas duzzanat jelentkezik, a forg\u00f3kn\u00e1l pedig b\u00e9nul\u00e1s.<\/p><p>A b\u00e9nul\u00e1si jelens\u00e9gek szint\u00e9n nem ritk\u00e1k.<\/p><p>A t\u00fcnetek a fert\u0151z\u00f6tt kullancs cs\u00edp\u00e9s\u00e9t k\u00f6vet\u0151 2-5 h\u00f3nap m\u00falva alakulnak ki. Enyh\u00e9bb b\u00e9nul\u00e1sok 2-4 napon bel\u00fcl jelentkezhetnek, majd elt\u0171nnek. Ezek f\u0151k\u00e9nt az \u00edz\u00fcleteket \u00e9rintik.<\/p><p>N\u00e9h\u00e1ny lefoly\u00e1sn\u00e1l k\u00e1rosodhat az idegrendszer, a sz\u00edv, a ves\u00e9k \u00e9s m\u00e1s egy\u00e9b szervek. A b\u00e9nul\u00e1st k\u00f6vet\u0151en b\u00e9nul\u00e1si epiz\u00f3dok alakulhatnak ki az \u00e1llatokn\u00e1l, amelyek 2-4 hetente v\u00e1ltogatj\u00e1k egym\u00e1st. Ez gyakran k\u00fcl\u00f6nb\u00f6z\u0151 \u00edz\u00fcleteket \u00e9rint. Ebben a st\u00e1diumban komplik\u00e1ci\u00f3k l\u00e9phetnek fel: mint agyh\u00e1rtyagyullad\u00e1s, ideggy\u00f6k-gyullad\u00e1s, arcidegb\u00e9nul\u00e1s, ideggyullad\u00e1s, vesek\u00e1rosod\u00e1s, sz\u00edvritmuszavarok \u00e9s szemk\u00e1rosod\u00e1s.<\/p><p>A Lyme-k\u00f3r gyakran j\u00e1r egy\u00fctt reum\u00e1s panaszokkal, kr\u00f3nikus \u00edz\u00fcleti t\u00fcnetekkel, kr\u00f3nikus izomgyullad\u00e1ssal, kr\u00f3nikus agyh\u00e1rtyagyullad\u00e1ssal, degenerat\u00edv b\u0151rbetegs\u00e9gekkel, a b\u0151r elsz\u00ednez\u0151d\u00e9s\u00e9vel \u00e9s elv\u00e9konyod\u00e1s\u00e1val, melynek k\u00f6vetkezt\u00e9ben a b\u0151r egy pergamen-szer\u0171 l\u00e1tszatot kelt.<\/p><p>Szerencs\u00e9re nem minden Lyme-k\u00f3rn\u00e1l van ez a rossz lefoly\u00e1s. A fert\u0151z\u00f6tt \u00e1llatok mintegy 20%-\u00e1n\u00e1l alakulnak ki betegs\u00e9gi t\u00fcnetek, mivel az immunrendszer el\u0151bb vagy ut\u00f3bb legy\u0151zi a Lyme-k\u00f3rt.<\/p><p>A kezel\u00e9s els\u0151sorban az immunrendszer er\u0151s\u00edt\u00e9s\u00e9re ir\u00e1nyul, hogy az k\u00e9pes legyen megbirk\u00f3zni bakt\u00e9riumokkal.<\/p><p>A Lyme-k\u00f3r kifejl\u0151d\u00e9s\u00e9nek id\u0151szak\u00e1ban bizonyos antibiotikumok seg\u00edthetnek.<\/p><p>B\u00e1r az antibiotikumok legy\u0151zik Lyme-k\u00f3rt, de nem a neurotoxinok-jukat. Ez\u00e9rt ill\u00fazi\u00f3 azt hinni, hogy a Lyme-k\u00f3rt egy h\u00e1rom hetes antibiotikum kezel\u00e9ssel f\u00e9ken lehet tartani. A kezel\u00e9s hosszan tart\u00f3, lass\u00fa \u00e9s nem felt\u00e9tlen\u00fcl \u00edg\u00e9retes.<\/p>\t\t\t\t\t\t<\/div>\n\t\t\t\t<\/div>\n\t\t\t\t<\/div>\n\t\t<div class=\"elementor-element elementor-element-2c34a51b e-con-full e-flex e-con e-child\" data-id=\"2c34a51b\" data-element_type=\"container\" data-settings=\"{&quot;background_background&quot;:&quot;classic&quot;}\">\n\t\t\t\t<div class=\"elementor-element elementor-element-3922707f uael-nav-menu__theme-icon-yes uael-nav-menu__align-center uael-nav-menu__breakpoint-mobile uael-submenu-icon-arrow uael-link-redirect-child uael-nav-menu-toggle-label-no elementor-widget elementor-widget-uael-nav-menu\" data-id=\"3922707f\" data-element_type=\"widget\" data-settings=\"{&quot;sticky&quot;:&quot;top&quot;,&quot;sticky_offset&quot;:100,&quot;sticky_on&quot;:[&quot;desktop&quot;,&quot;laptop&quot;,&quot;tablet&quot;,&quot;mobile&quot;],&quot;sticky_effects_offset&quot;:0,&quot;sticky_anchor_link_offset&quot;:0}\" data-widget_type=\"uael-nav-menu.default\">\n\t\t\t\t<div class=\"elementor-widget-container\">\n\t\t\t\t\t<div class=\"uael-nav-menu uael-layout-vertical uael-nav-menu-layout\" data-layout=\"vertical\">\n\t\t\t\t<div role=\"button\" class=\"uael-nav-menu__toggle elementor-clickable\">\n\t\t\t\t\t<span class=\"screen-reader-text\">Main Menu<\/span>\n\t\t\t\t\t<div class=\"uael-nav-menu-icon\">\n\t\t\t\t\t\t<svg aria-hidden=\"true\" class=\"e-font-icon-svg e-fas-align-justify\" viewbox=\"0 0 448 512\" xmlns=\"http:\/\/www.w3.org\/2000\/svg\"><path d=\"M432 416H16a16 16 0 0 0-16 16v32a16 16 0 0 0 16 16h416a16 16 0 0 0 16-16v-32a16 16 0 0 0-16-16zm0-128H16a16 16 0 0 0-16 16v32a16 16 0 0 0 16 16h416a16 16 0 0 0 16-16v-32a16 16 0 0 0-16-16zm0-128H16a16 16 0 0 0-16 16v32a16 16 0 0 0 16 16h416a16 16 0 0 0 16-16v-32a16 16 0 0 0-16-16zm0-128H16A16 16 0 0 0 0 48v32a16 16 0 0 0 16 16h416a16 16 0 0 0 16-16V48a16 16 0 0 0-16-16z\"><\/path><\/svg>\t\t\t\t\t<\/div>\n\t\t\t\t\t\t\t\t\t<\/div>\n\t\t\t\t\t\t\t<nav class=\"uael-nav-menu__layout-vertical uael-nav-menu__submenu-arrow\" data-toggle-icon=\"&lt;svg aria-hidden=&quot;true&quot; class=&quot;e-font-icon-svg e-fas-align-justify&quot; viewBox=&quot;0 0 448 512&quot; xmlns=&quot;http:\/\/www.w3.org\/2000\/svg&quot;&gt;&lt;path d=&quot;M432 416H16a16 16 0 0 0-16 16v32a16 16 0 0 0 16 16h416a16 16 0 0 0 16-16v-32a16 16 0 0 0-16-16zm0-128H16a16 16 0 0 0-16 16v32a16 16 0 0 0 16 16h416a16 16 0 0 0 16-16v-32a16 16 0 0 0-16-16zm0-128H16a16 16 0 0 0-16 16v32a16 16 0 0 0 16 16h416a16 16 0 0 0 16-16v-32a16 16 0 0 0-16-16zm0-128H16A16 16 0 0 0 0 48v32a16 16 0 0 0 16 16h416a16 16 0 0 0 16-16V48a16 16 0 0 0-16-16z&quot;&gt;&lt;\/path&gt;&lt;\/svg&gt;\" data-close-icon=\"&lt;svg aria-hidden=&quot;true&quot; class=&quot;e-font-icon-svg e-far-window-close&quot; viewBox=&quot;0 0 512 512&quot; xmlns=&quot;http:\/\/www.w3.org\/2000\/svg&quot;&gt;&lt;path d=&quot;M464 32H48C21.5 32 0 53.5 0 80v352c0 26.5 21.5 48 48 48h416c26.5 0 48-21.5 48-48V80c0-26.5-21.5-48-48-48zm0 394c0 3.3-2.7 6-6 6H54c-3.3 0-6-2.7-6-6V86c0-3.3 2.7-6 6-6h404c3.3 0 6 2.7 6 6v340zM356.5 194.6L295.1 256l61.4 61.4c4.6 4.6 4.6 12.1 0 16.8l-22.3 22.3c-4.6 4.6-12.1 4.6-16.8 0L256 295.1l-61.4 61.4c-4.6 4.6-12.1 4.6-16.8 0l-22.3-22.3c-4.6-4.6-4.6-12.1 0-16.8l61.4-61.4-61.4-61.4c-4.6-4.6-4.6-12.1 0-16.8l22.3-22.3c4.6-4.6 12.1-4.6 16.8 0l61.4 61.4 61.4-61.4c4.6-4.6 12.1-4.6 16.8 0l22.3 22.3c4.7 4.6 4.7 12.1 0 16.8z&quot;&gt;&lt;\/path&gt;&lt;\/svg&gt;\" data-full-width=\"yes\"><ul id=\"menu-1-3922707f\" class=\"uael-nav-menu\"><li id=\"menu-item-1192\" class=\"menu-item menu-item-type-post_type menu-item-object-betegseg parent uael-creative-menu\"><a href=\"https:\/\/allatvedelmi-centrum.hu\/de\/betegseg\/atkak\/\" class = \"uael-menu-item\">Atk\u00e1k<\/a><\/li>\n<li id=\"menu-item-1193\" class=\"menu-item menu-item-type-post_type menu-item-object-betegseg parent uael-creative-menu\"><a href=\"https:\/\/allatvedelmi-centrum.hu\/de\/betegseg\/giardia\/\" class = \"uael-menu-item\">Giardia<\/a><\/li>\n<li id=\"menu-item-1194\" class=\"menu-item menu-item-type-post_type menu-item-object-betegseg parent uael-creative-menu\"><a href=\"https:\/\/allatvedelmi-centrum.hu\/de\/betegseg\/lyme-kor\/\" class = \"uael-menu-item\">Lyme-k\u00f3r<\/a><\/li>\n<li id=\"menu-item-1195\" class=\"menu-item menu-item-type-post_type menu-item-object-betegseg parent uael-creative-menu\"><a href=\"https:\/\/allatvedelmi-centrum.hu\/de\/betegseg\/leishmania\/\" class = \"uael-menu-item\">Leishmania<\/a><\/li>\n<li id=\"menu-item-1196\" class=\"menu-item menu-item-type-post_type menu-item-object-betegseg parent uael-creative-menu\"><a href=\"https:\/\/allatvedelmi-centrum.hu\/de\/betegseg\/hepato-zoon\/\" class = \"uael-menu-item\">Hepato-zoon<\/a><\/li>\n<li id=\"menu-item-1197\" class=\"menu-item menu-item-type-post_type menu-item-object-betegseg parent uael-creative-menu\"><a href=\"https:\/\/allatvedelmi-centrum.hu\/de\/betegseg\/anaplasma\/\" class = \"uael-menu-item\">Anaplasma<\/a><\/li>\n<li id=\"menu-item-1198\" class=\"menu-item menu-item-type-post_type menu-item-object-betegseg parent uael-creative-menu\"><a href=\"https:\/\/allatvedelmi-centrum.hu\/de\/betegseg\/babesia\/\" class = \"uael-menu-item\">Babesia<\/a><\/li>\n<li id=\"menu-item-1199\" class=\"menu-item menu-item-type-post_type menu-item-object-betegseg parent uael-creative-menu\"><a href=\"https:\/\/allatvedelmi-centrum.hu\/de\/betegseg\/ehrlichia\/\" class = \"uael-menu-item\">Ehrlichia<\/a><\/li>\n<li id=\"menu-item-1200\" class=\"menu-item menu-item-type-post_type menu-item-object-betegseg parent uael-creative-menu\"><a href=\"https:\/\/allatvedelmi-centrum.hu\/de\/betegseg\/dirofilaria\/\" class = \"uael-menu-item\">Dirofil\u00e1ria<\/a><\/li>\n<li id=\"menu-item-1201\" class=\"menu-item menu-item-type-post_type menu-item-object-betegseg parent uael-creative-menu\"><a href=\"https:\/\/allatvedelmi-centrum.hu\/de\/betegseg\/fergek\/\" class = \"uael-menu-item\">W\u00fcrmer<\/a><\/li>\n<\/ul><\/nav>\n\t\t\t\t\t<\/div>\n\t\t\t\t\t<\/div>\n\t\t\t\t<\/div>\n\t\t\t\t<\/div>\n\t\t\t\t\t<\/div>\n\t\t\t\t<\/div>\n\t\t\t\t<\/div>","protected":false},"featured_media":0,"template":"elementor_header_footer","format":"standard","acf":[],"_wp_attached_file":null,"_wp_attachment_metadata":null,"_elementor_is_screenshot":null,"_elementor_source_image_hash":null,"_jet_sm_fonts_cache":null,"theplus_transient_widgets":null,"_filter_label":null,"_active_label":null,"_filter_type":null,"_date_source":null,"_is_hierarchical":null,"_ih_source_map":null,"_data_source":null,"_query_switcher_notice":null,"_query_builder_queries_to_switch":null,"_query_builder_query":null,"_query_builder_value_prop":null,"_query_builder_label_prop":null,"_cct_notice":null,"_rating_options":null,"_rating_compare_operand":null,"_source_taxonomy":null,"_terms_relational_operator":null,"_source_post_type":null,"_glossary_id":null,"_glossary_notice":null,"_add_all_option":null,"_all_option_label":null,"_ability_deselect_radio":null,"_show_empty_terms":null,"_only_child":null,"_group_by_parent":null,"_source_custom_field":null,"_source_get_from_field_data":null,"_custom_field_source_plugin":null,"_source_manual_input":null,"_color_image_type":null,"_query_builder_color_prop":null,"_query_builder_image_prop":null,"_color_image_behavior":null,"_source_color_image_input":null,"_source_manual_input_range":null,"_placeholder":null,"_s_placeholder":null,"_is_custom_checkbox":null,"_s_by":null,"_date_format":null,"_date_from_placeholder":null,"_date_to_placeholder":null,"_date_period_type":null,"_date_period_datepicker_button_text":null,"_min_max_date_period_enabled":null,"_min_date_period":null,"_max_date_period":null,"_date_period_start_end_enabled":null,"_date_period_format":null,"_date_period_start_format":null,"_date_period_separator":null,"_date_period_end_format":null,"_range_inputs_enabled":null,"_range_inputs_separators_enabled":null,"_values_prefix":null,"_values_suffix":null,"_values_thousand_sep":null,"_values_decimal_sep":null,"_values_decimal_num":null,"_source_min":null,"_source_max":null,"_source_step":null,"_source_callback":null,"_use_exclude_include":null,"_data_exclude_include":null,"_alphabet_behavior":null,"_alphabet_radio_deselect":null,"_alphabet_options":null,"_query_var":null,"_is_custom_query_var":null,"_custom_query_var":null,"_query_compare":null,"license":null,"_menu_item_type":null,"_menu_item_menu_item_parent":null,"_menu_item_object_id":null,"_menu_item_object":null,"_menu_item_target":null,"_menu_item_classes":null,"_menu_item_xfn":null,"_menu_item_url":null,"_yoast_wpseo_primary_category":null,"_pingme":null,"_encloseme":null,"_elementor_screenshot_failed":null,"_form":null,"_mail":null,"_mail_2":null,"_messages":null,"_additional_settings":null,"_locale":null,"_hash":null,"_edit_last":"1","_edit_lock":"1700509237:1","_wp_trash_meta_status":null,"_wp_trash_meta_time":null,"_wp_desired_post_slug":null,"_yoast_wpseo_estimated-reading-time-minutes":"2","_yoast_wpseo_wordproof_timestamp":"","_wpgb":{"permalink":"","post_format":"","attachment_id":"","gallery_ids":[],"mp3_url":null,"ogg_url":null,"mp4_url":null,"ogv_url":null,"webm_url":null,"embed_video_url":"","video_ratio":"16:9","columns":1,"rows":1,"content_background":"","overlay_background":"","content_color_scheme":"","overlay_color_scheme":""},"_elementor_edit_mode":"builder","_elementor_template_type":"wp-post","_elementor_version":"3.17.1","_elementor_pro_version":"3.17.0","_wp_page_template":"elementor_header_footer","_elementor_data":"[{\"id\":\"68c493b5\",\"elType\":\"container\",\"settings\":{\"content_width\":\"full\",\"min_height\":{\"unit\":\"px\",\"size\":300,\"sizes\":[]},\"background_background\":\"classic\",\"background_image\":{\"url\":\"https:\\\/\\\/proba.allatvedelmi-centrum.hu\\\/wp-content\\\/uploads\\\/2023\\\/11\\\/betegsegek-e1700340138807.jpeg\",\"id\":1173,\"size\":\"\",\"source\":\"library\",\"alt\":\"\"},\"background_position\":\"center center\",\"background_repeat\":\"no-repeat\",\"background_size\":\"cover\",\"jet_parallax_layout_list\":[]},\"elements\":[{\"id\":\"23bcdc88\",\"elType\":\"widget\",\"settings\":{\"__dynamic__\":{\"title\":\"[elementor-tag id=\\\"\\\" name=\\\"page-title\\\" settings=\\\"%7B%22include_context%22%3A%22%22%2C%22show_home_title%22%3A%22%22%2C%22before%22%3A%22%22%2C%22after%22%3A%22%22%2C%22fallback%22%3A%22%22%7D\\\"]\"},\"title\":\"Add meg itt a c\\u00edmsor sz\\u00f6veg\\u00e9t\",\"align\":\"center\",\"title_color\":\"#FFFFFF\",\"text_shadow_text_shadow_type\":\"yes\",\"_margin\":{\"unit\":\"%\",\"top\":\"2\",\"right\":\"0\",\"bottom\":\"0\",\"left\":\"0\",\"isLinked\":false},\"display_condition_list\":[{\"display_condition_login_status\":\"subscriber\",\"_id\":\"e18efa8\"}],\"__globals__\":{\"title_color\":\"\"},\"typography_font_family\":\"Roboto\",\"typography_font_weight\":\"600\",\"_margin_tablet\":{\"unit\":\"%\",\"top\":\"\",\"right\":\"\",\"bottom\":\"\",\"left\":\"\",\"isLinked\":true},\"_margin_mobile\":{\"unit\":\"%\",\"top\":\"\",\"right\":\"\",\"bottom\":\"\",\"left\":\"\",\"isLinked\":true},\"_flex_size\":\"grow\",\"_animation\":\"zoomIn\"},\"elements\":[],\"widgetType\":\"global\",\"templateID\":\"564\"}],\"isInner\":false},{\"id\":\"69d9f3db\",\"elType\":\"container\",\"settings\":{\"flex_direction\":\"row\",\"flex_gap\":{\"unit\":\"px\",\"size\":0,\"column\":\"0\",\"row\":\"0\"},\"jet_parallax_layout_list\":[]},\"elements\":[{\"id\":\"222cc877\",\"elType\":\"container\",\"settings\":{\"flex_direction\":\"column\",\"content_width\":\"full\",\"width\":{\"unit\":\"%\",\"size\":80},\"jet_parallax_layout_list\":[]},\"elements\":[{\"id\":\"58992d0e\",\"elType\":\"widget\",\"settings\":{\"editor\":\"<p>A Borrelia burgdorferi bakt\\u00e9rium minden szervet megt\\u00e1mad, az idegrendszert, az \\u00edz\\u00fcleteket \\u00e9s a sz\\u00f6veteket.<\\\/p><p>A betegs\\u00e9g a kuty\\u00e1kn\\u00e1l nem olyan gyakori, mint az embern\\u00e9l, a fert\\u0151z\\u00e9svesz\\u00e9ly kuty\\u00e1r\\u00f3l kuty\\u00e1ra, vagy a kuty\\u00e1r\\u00f3l az emberre mindeddig kiz\\u00e1rhat\\u00f3.<\\\/p><p>A betegs\\u00e9g kezdetben nem mutat ki jellegzetes t\\u00fcneteket. Csak f\\u00e1radts\\u00e1g, l\\u00e1z, \\u00e9s \\u00e9tv\\u00e1gytalans\\u00e1g tapasztalhat\\u00f3. A betegs\\u00e9g domin\\u00e1ns k\\u00e9pe \\u00edz\\u00fcleti probl\\u00e9m\\u00e1kat mutat ki (Lyme arthritis): az \\u00edz\\u00fcletekn\\u00e9l f\\u00e1jdalmas duzzanat jelentkezik, a forg\\u00f3kn\\u00e1l pedig b\\u00e9nul\\u00e1s.<\\\/p><p>A b\\u00e9nul\\u00e1si jelens\\u00e9gek szint\\u00e9n nem ritk\\u00e1k.<\\\/p><p>A t\\u00fcnetek a fert\\u0151z\\u00f6tt kullancs cs\\u00edp\\u00e9s\\u00e9t k\\u00f6vet\\u0151 2-5 h\\u00f3nap m\\u00falva alakulnak ki. Enyh\\u00e9bb b\\u00e9nul\\u00e1sok 2-4 napon bel\\u00fcl jelentkezhetnek, majd elt\\u0171nnek. Ezek f\\u0151k\\u00e9nt az \\u00edz\\u00fcleteket \\u00e9rintik.<\\\/p><p>N\\u00e9h\\u00e1ny lefoly\\u00e1sn\\u00e1l k\\u00e1rosodhat az idegrendszer, a sz\\u00edv, a ves\\u00e9k \\u00e9s m\\u00e1s egy\\u00e9b szervek. A b\\u00e9nul\\u00e1st k\\u00f6vet\\u0151en b\\u00e9nul\\u00e1si epiz\\u00f3dok alakulhatnak ki az \\u00e1llatokn\\u00e1l, amelyek 2-4 hetente v\\u00e1ltogatj\\u00e1k egym\\u00e1st. Ez gyakran k\\u00fcl\\u00f6nb\\u00f6z\\u0151 \\u00edz\\u00fcleteket \\u00e9rint. Ebben a st\\u00e1diumban komplik\\u00e1ci\\u00f3k l\\u00e9phetnek fel: mint agyh\\u00e1rtyagyullad\\u00e1s, ideggy\\u00f6k-gyullad\\u00e1s, arcidegb\\u00e9nul\\u00e1s, ideggyullad\\u00e1s, vesek\\u00e1rosod\\u00e1s, sz\\u00edvritmuszavarok \\u00e9s szemk\\u00e1rosod\\u00e1s.<\\\/p><p>A Lyme-k\\u00f3r gyakran j\\u00e1r egy\\u00fctt reum\\u00e1s panaszokkal, kr\\u00f3nikus \\u00edz\\u00fcleti t\\u00fcnetekkel, kr\\u00f3nikus izomgyullad\\u00e1ssal, kr\\u00f3nikus agyh\\u00e1rtyagyullad\\u00e1ssal, degenerat\\u00edv b\\u0151rbetegs\\u00e9gekkel, a b\\u0151r elsz\\u00ednez\\u0151d\\u00e9s\\u00e9vel \\u00e9s elv\\u00e9konyod\\u00e1s\\u00e1val, melynek k\\u00f6vetkezt\\u00e9ben a b\\u0151r egy pergamen-szer\\u0171 l\\u00e1tszatot kelt.<\\\/p><p>Szerencs\\u00e9re nem minden Lyme-k\\u00f3rn\\u00e1l van ez a rossz lefoly\\u00e1s. A fert\\u0151z\\u00f6tt \\u00e1llatok mintegy 20%-\\u00e1n\\u00e1l alakulnak ki betegs\\u00e9gi t\\u00fcnetek, mivel az immunrendszer el\\u0151bb vagy ut\\u00f3bb legy\\u0151zi a Lyme-k\\u00f3rt.<\\\/p><p>A kezel\\u00e9s els\\u0151sorban az immunrendszer er\\u0151s\\u00edt\\u00e9s\\u00e9re ir\\u00e1nyul, hogy az k\\u00e9pes legyen megbirk\\u00f3zni bakt\\u00e9riumokkal.<\\\/p><p>A Lyme-k\\u00f3r kifejl\\u0151d\\u00e9s\\u00e9nek id\\u0151szak\\u00e1ban bizonyos antibiotikumok seg\\u00edthetnek.<\\\/p><p>B\\u00e1r az antibiotikumok legy\\u0151zik Lyme-k\\u00f3rt, de nem a neurotoxinok-jukat. Ez\\u00e9rt ill\\u00fazi\\u00f3 azt hinni, hogy a Lyme-k\\u00f3rt egy h\\u00e1rom hetes antibiotikum kezel\\u00e9ssel f\\u00e9ken lehet tartani. A kezel\\u00e9s hosszan tart\\u00f3, lass\\u00fa \\u00e9s nem felt\\u00e9tlen\\u00fcl \\u00edg\\u00e9retes.<\\\/p>\",\"display_condition_list\":[{\"display_condition_login_status\":\"subscriber\",\"_id\":\"7cdfaa8\"}]},\"elements\":[],\"widgetType\":\"text-editor\"}],\"isInner\":true},{\"id\":\"2c34a51b\",\"elType\":\"container\",\"settings\":{\"flex_direction\":\"column\",\"content_width\":\"full\",\"width\":{\"unit\":\"%\",\"size\":20},\"jet_parallax_layout_list\":[],\"background_background\":\"classic\",\"__globals__\":{\"background_color\":\"globals\\\/colors?id=70d7a1b\"}},\"elements\":[{\"id\":\"3922707f\",\"elType\":\"widget\",\"settings\":{\"menu\":\"betegsegek\",\"menu_items\":[{\"text\":\"Menu Item 1\",\"_id\":\"8acf446\"},{\"item_type\":\"item_submenu\",\"text\":\"Sub Menu\",\"_id\":\"7bdcb0e\"},{\"text\":\"Menu Item 2\",\"_id\":\"01c575e\"},{\"item_type\":\"item_submenu\",\"text\":\"Sub Menu\",\"_id\":\"ca6aab6\"}],\"toggle_label_text\":\"Menu\",\"display_condition_list\":[{\"display_condition_login_status\":\"subscriber\",\"_id\":\"01a39d9\"}],\"hide_twenty_twenty_one_theme_icons\":\"yes\",\"layout\":\"vertical\",\"navmenu_align\":\"center\",\"dropdown\":\"mobile\",\"padding_horizontal_menu_item\":{\"unit\":\"px\",\"size\":21,\"sizes\":[]},\"padding_vertical_menu_item\":{\"unit\":\"px\",\"size\":20,\"sizes\":[]},\"menu_typography_typography\":\"custom\",\"menu_typography_font_family\":\"Noto Serif\",\"menu_typography_font_weight\":\"600\",\"color_menu_item_hover\":\"#FFFFFF\",\"dropdown_border_radius\":{\"unit\":\"px\",\"top\":\"0\",\"right\":\"0\",\"bottom\":\"0\",\"left\":\"0\",\"isLinked\":true},\"__globals__\":{\"color_menu_item\":\"globals\\\/colors?id=4646cf5\",\"bg_color_menu_item\":\"\",\"bg_color_menu_item_hover\":\"globals\\\/colors?id=4646cf5\"},\"sticky\":\"top\",\"sticky_offset\":100},\"elements\":[],\"widgetType\":\"uael-nav-menu\"}],\"isInner\":true}],\"isInner\":false}]","_elementor_page_assets":{"styles":["e-animation-zoomIn","widget-heading","widget-text-editor","e-sticky"],"scripts":["e-sticky","uael-nav-menu","uael-element-resize","uael-cookie-lib"]},"_yoast_wpseo_content_score":"90","_elementor_css":{"time":1775480457,"fonts":["Noto Serif"],"icons":["fa-solid","fa-regular"],"dynamic_elements_ids":["23bcdc88"],"status":"file","0":""},"_elementor_page_settings":null,"_elementor_source":null,"_elementor_conditions":null,"_elementor_screenshot":null,"Ivara":null,"kora":null,"sz\u00edne":null,"ivartalanitott":null,"magasaga":null,"kutya_szama":null,"nemet leiras":null,"_thumbnail_id":null,"nemet_bemutato":null,"yoast_head":"<!-- This site is optimized with the Yoast SEO Premium plugin v22.6 (Yoast SEO v22.6) - https:\/\/yoast.com\/wordpress\/plugins\/seo\/ -->\n<title>Lyme-k\u00f3r - \u00c1llatv\u00e9delmi-centrum<\/title>\n<meta name=\"robots\" content=\"index, follow, max-snippet:-1, max-image-preview:large, max-video-preview:-1\" \/>\n<link rel=\"canonical\" href=\"https:\/\/allatvedelmi-centrum.hu\/de\/betegseg\/lyme-kor\/\" \/>\n<meta property=\"og:locale\" content=\"de_DE\" \/>\n<meta property=\"og:type\" content=\"article\" \/>\n<meta property=\"og:title\" content=\"Lyme-k\u00f3r\" \/>\n<meta property=\"og:description\" content=\"A Borrelia burgdorferi bakt\u00e9rium minden szervet megt\u00e1mad, az idegrendszert, az \u00edz\u00fcleteket \u00e9s a sz\u00f6veteket. A betegs\u00e9g a kuty\u00e1kn\u00e1l nem olyan gyakori, mint az embern\u00e9l, a fert\u0151z\u00e9svesz\u00e9ly kuty\u00e1r\u00f3l kuty\u00e1ra, vagy a kuty\u00e1r\u00f3l az emberre mindeddig kiz\u00e1rhat\u00f3. A betegs\u00e9g kezdetben nem mutat ki jellegzetes t\u00fcneteket. Csak f\u00e1radts\u00e1g, l\u00e1z, \u00e9s \u00e9tv\u00e1gytalans\u00e1g tapasztalhat\u00f3. A betegs\u00e9g domin\u00e1ns k\u00e9pe \u00edz\u00fcleti probl\u00e9m\u00e1kat&hellip; Lyme-k\u00f3r weiterlesen\" \/>\n<meta property=\"og:url\" content=\"https:\/\/allatvedelmi-centrum.hu\/de\/betegseg\/lyme-kor\/\" \/>\n<meta property=\"og:site_name\" content=\"\u00c1llatv\u00e9delmi-centrum\" \/>\n<meta property=\"article:modified_time\" content=\"2023-11-20T19:40:44+00:00\" \/>\n<meta name=\"twitter:card\" content=\"summary_large_image\" \/>\n<meta name=\"twitter:label1\" content=\"Gesch\u00e4tzte Lesezeit\" \/>\n\t<meta name=\"twitter:data1\" content=\"2 Minuten\" \/>\n<script type=\"application\/ld+json\" class=\"yoast-schema-graph\">{\"@context\":\"https:\/\/schema.org\",\"@graph\":[{\"@type\":\"WebPage\",\"@id\":\"https:\/\/allatvedelmi-centrum.hu\/betegseg\/lyme-kor\/\",\"url\":\"https:\/\/allatvedelmi-centrum.hu\/betegseg\/lyme-kor\/\",\"name\":\"Lyme-k\u00f3r - \u00c1llatv\u00e9delmi-centrum\",\"isPartOf\":{\"@id\":\"https:\/\/allatvedelmi-centrum.hu\/#website\"},\"datePublished\":\"2023-11-18T20:15:24+00:00\",\"dateModified\":\"2023-11-20T19:40:44+00:00\",\"breadcrumb\":{\"@id\":\"https:\/\/allatvedelmi-centrum.hu\/betegseg\/lyme-kor\/#breadcrumb\"},\"inLanguage\":\"de-DE\",\"potentialAction\":[{\"@type\":\"ReadAction\",\"target\":[\"https:\/\/allatvedelmi-centrum.hu\/betegseg\/lyme-kor\/\"]}]},{\"@type\":\"BreadcrumbList\",\"@id\":\"https:\/\/allatvedelmi-centrum.hu\/betegseg\/lyme-kor\/#breadcrumb\",\"itemListElement\":[{\"@type\":\"ListItem\",\"position\":1,\"name\":\"Kezd\u0151lap\",\"item\":\"https:\/\/allatvedelmi-centrum.hu\/\"},{\"@type\":\"ListItem\",\"position\":2,\"name\":\"Lyme-k\u00f3r\"}]},{\"@type\":\"WebSite\",\"@id\":\"https:\/\/allatvedelmi-centrum.hu\/#website\",\"url\":\"https:\/\/allatvedelmi-centrum.hu\/\",\"name\":\"\u00c1llatv\u00e9delmi-centrum\",\"description\":\"\",\"publisher\":{\"@id\":\"https:\/\/allatvedelmi-centrum.hu\/#organization\"},\"potentialAction\":[{\"@type\":\"SearchAction\",\"target\":{\"@type\":\"EntryPoint\",\"urlTemplate\":\"https:\/\/allatvedelmi-centrum.hu\/?s={search_term_string}\"},\"query-input\":\"required name=search_term_string\"}],\"inLanguage\":\"de-DE\"},{\"@type\":\"Organization\",\"@id\":\"https:\/\/allatvedelmi-centrum.hu\/#organization\",\"name\":\"\u00c1llatv\u00e9delmi-centrum\",\"url\":\"https:\/\/allatvedelmi-centrum.hu\/\",\"logo\":{\"@type\":\"ImageObject\",\"inLanguage\":\"de-DE\",\"@id\":\"https:\/\/allatvedelmi-centrum.hu\/#\/schema\/logo\/image\/\",\"url\":\"https:\/\/allatvedelmi-centrum.hu\/wp-content\/uploads\/2023\/10\/logo-x-1.jpg\",\"contentUrl\":\"https:\/\/allatvedelmi-centrum.hu\/wp-content\/uploads\/2023\/10\/logo-x-1.jpg\",\"width\":1701,\"height\":425,\"caption\":\"\u00c1llatv\u00e9delmi-centrum\"},\"image\":{\"@id\":\"https:\/\/allatvedelmi-centrum.hu\/#\/schema\/logo\/image\/\"}}]}<\/script>\n<!-- \/ Yoast SEO Premium plugin. -->","yoast_head_json":{"title":"Lyme-k\u00f3r - \u00c1llatv\u00e9delmi-centrum","robots":{"index":"index","follow":"follow","max-snippet":"max-snippet:-1","max-image-preview":"max-image-preview:large","max-video-preview":"max-video-preview:-1"},"canonical":"https:\/\/allatvedelmi-centrum.hu\/de\/betegseg\/lyme-kor\/","og_locale":"de_DE","og_type":"article","og_title":"Lyme-k\u00f3r","og_description":"A Borrelia burgdorferi bakt\u00e9rium minden szervet megt\u00e1mad, az idegrendszert, az \u00edz\u00fcleteket \u00e9s a sz\u00f6veteket. A betegs\u00e9g a kuty\u00e1kn\u00e1l nem olyan gyakori, mint az embern\u00e9l, a fert\u0151z\u00e9svesz\u00e9ly kuty\u00e1r\u00f3l kuty\u00e1ra, vagy a kuty\u00e1r\u00f3l az emberre mindeddig kiz\u00e1rhat\u00f3. A betegs\u00e9g kezdetben nem mutat ki jellegzetes t\u00fcneteket. Csak f\u00e1radts\u00e1g, l\u00e1z, \u00e9s \u00e9tv\u00e1gytalans\u00e1g tapasztalhat\u00f3. A betegs\u00e9g domin\u00e1ns k\u00e9pe \u00edz\u00fcleti probl\u00e9m\u00e1kat&hellip; Lyme-k\u00f3r weiterlesen","og_url":"https:\/\/allatvedelmi-centrum.hu\/de\/betegseg\/lyme-kor\/","og_site_name":"\u00c1llatv\u00e9delmi-centrum","article_modified_time":"2023-11-20T19:40:44+00:00","twitter_card":"summary_large_image","twitter_misc":{"Gesch\u00e4tzte Lesezeit":"2 Minuten"},"schema":{"@context":"https:\/\/schema.org","@graph":[{"@type":"WebPage","@id":"https:\/\/allatvedelmi-centrum.hu\/betegseg\/lyme-kor\/","url":"https:\/\/allatvedelmi-centrum.hu\/betegseg\/lyme-kor\/","name":"Lyme-k\u00f3r - \u00c1llatv\u00e9delmi-centrum","isPartOf":{"@id":"https:\/\/allatvedelmi-centrum.hu\/#website"},"datePublished":"2023-11-18T20:15:24+00:00","dateModified":"2023-11-20T19:40:44+00:00","breadcrumb":{"@id":"https:\/\/allatvedelmi-centrum.hu\/betegseg\/lyme-kor\/#breadcrumb"},"inLanguage":"de-DE","potentialAction":[{"@type":"ReadAction","target":["https:\/\/allatvedelmi-centrum.hu\/betegseg\/lyme-kor\/"]}]},{"@type":"BreadcrumbList","@id":"https:\/\/allatvedelmi-centrum.hu\/betegseg\/lyme-kor\/#breadcrumb","itemListElement":[{"@type":"ListItem","position":1,"name":"Kezd\u0151lap","item":"https:\/\/allatvedelmi-centrum.hu\/"},{"@type":"ListItem","position":2,"name":"Lyme-k\u00f3r"}]},{"@type":"WebSite","@id":"https:\/\/allatvedelmi-centrum.hu\/#website","url":"https:\/\/allatvedelmi-centrum.hu\/","name":"\u00c1llatv\u00e9delmi-centrum","description":"","publisher":{"@id":"https:\/\/allatvedelmi-centrum.hu\/#organization"},"potentialAction":[{"@type":"SearchAction","target":{"@type":"EntryPoint","urlTemplate":"https:\/\/allatvedelmi-centrum.hu\/?s={search_term_string}"},"query-input":"required name=search_term_string"}],"inLanguage":"de-DE"},{"@type":"Organization","@id":"https:\/\/allatvedelmi-centrum.hu\/#organization","name":"\u00c1llatv\u00e9delmi-centrum","url":"https:\/\/allatvedelmi-centrum.hu\/","logo":{"@type":"ImageObject","inLanguage":"de-DE","@id":"https:\/\/allatvedelmi-centrum.hu\/#\/schema\/logo\/image\/","url":"https:\/\/allatvedelmi-centrum.hu\/wp-content\/uploads\/2023\/10\/logo-x-1.jpg","contentUrl":"https:\/\/allatvedelmi-centrum.hu\/wp-content\/uploads\/2023\/10\/logo-x-1.jpg","width":1701,"height":425,"caption":"\u00c1llatv\u00e9delmi-centrum"},"image":{"@id":"https:\/\/allatvedelmi-centrum.hu\/#\/schema\/logo\/image\/"}}]}},"_links":{"self":[{"href":"https:\/\/allatvedelmi-centrum.hu\/de\/wp-json\/wp\/v2\/betegseg\/1161"}],"collection":[{"href":"https:\/\/allatvedelmi-centrum.hu\/de\/wp-json\/wp\/v2\/betegseg"}],"about":[{"href":"https:\/\/allatvedelmi-centrum.hu\/de\/wp-json\/wp\/v2\/types\/betegseg"}],"version-history":[{"count":5,"href":"https:\/\/allatvedelmi-centrum.hu\/de\/wp-json\/wp\/v2\/betegseg\/1161\/revisions"}],"predecessor-version":[{"id":1247,"href":"https:\/\/allatvedelmi-centrum.hu\/de\/wp-json\/wp\/v2\/betegseg\/1161\/revisions\/1247"}],"wp:attachment":[{"href":"https:\/\/allatvedelmi-centrum.hu\/de\/wp-json\/wp\/v2\/media?parent=1161"}],"curies":[{"name":"wp","href":"https:\/\/api.w.org\/{rel}","templated":true}]}}