{"id":3793,"date":"2024-08-16T09:30:46","date_gmt":"2024-08-16T09:30:46","guid":{"rendered":"https:\/\/allatvedelmi-centrum.hu\/kutya\/julcsika\/"},"modified":"2025-11-12T16:07:54","modified_gmt":"2025-11-12T16:07:54","slug":"julcsika","status":"publish","type":"kutya","link":"https:\/\/allatvedelmi-centrum.hu\/de\/kutya\/julcsika\/","title":{"rendered":"Julcsika"},"content":{"rendered":"<p>Julcsi, akit Jakabsz\u00e1ll\u00e1sr\u00f3l hoztak be menhely\u00fcnkre, egy k\u00fcl\u00f6nleges t\u00f6rt\u00e9nettel rendelkezik. Kezdetben nagyon visszah\u00faz\u00f3d\u00f3 volt, k\u00fcl\u00f6n\u00f6sen a f\u00e9rfiakkal szemben. Az elnyomott m\u00faltja miatt id\u0151be telt, mire elkezdte \u00e9rezni a k\u00f6r\u00fcl\u00f6tte l\u00e9v\u0151 biztons\u00e1got, \u00e1m ma m\u00e1r egy b\u00faj\u00f3s, szeretetteljes kutyuss\u00e1 v\u00e1lt.<\/p>\n<p>Julcsi a menhelyen kapott egy kis id\u0151t \u00e9s t\u00f6r\u0151d\u00e9st, \u00e9s ennek eredm\u00e9nyek\u00e9ppen megny\u00edlt az emberek fel\u00e9. Ma m\u00e1r \u00e9lvezi a simogat\u00e1sokat, \u00e9s \u00f6r\u00f6mmel osztja meg j\u00e1t\u00e9kos, szeretetteljes term\u00e9szet\u00e9t. Most pedig egy olyan csal\u00e1dot keres\u00fcnk neki, akik k\u00f6vetkezetesen folytatj\u00e1k a nevel\u00e9s\u00e9t. Julcsi egy olyan kutyus, aki szeretetteljes otthont \u00e9rdemel, ahol a bizalom \u00e9s a k\u00f6vetkezetess\u00e9g seg\u00edti \u0151t abban, hogy tov\u00e1bb fejl\u0151dj\u00f6n \u00e9s boldogan \u00e9ljen.<\/p>","protected":false},"excerpt":{"rendered":"<p>Julcsi, akit Jakabsz\u00e1ll\u00e1sr\u00f3l hoztak be menhely\u00fcnkre, egy k\u00fcl\u00f6nleges t\u00f6rt\u00e9nettel rendelkezik. Kezdetben nagyon visszah\u00faz\u00f3d\u00f3 volt, k\u00fcl\u00f6n\u00f6sen a f\u00e9rfiakkal szemben. Az elnyomott m\u00faltja miatt id\u0151be telt, mire elkezdte \u00e9rezni a k\u00f6r\u00fcl\u00f6tte l\u00e9v\u0151 biztons\u00e1got, \u00e1m ma m\u00e1r egy b\u00faj\u00f3s, szeretetteljes kutyuss\u00e1 v\u00e1lt. Julcsi a menhelyen kapott egy kis id\u0151t \u00e9s t\u00f6r\u0151d\u00e9st, \u00e9s ennek eredm\u00e9nyek\u00e9ppen megny\u00edlt az emberek fel\u00e9.&hellip; <a class=\"more-link\" href=\"https:\/\/allatvedelmi-centrum.hu\/de\/kutya\/julcsika\/\"><span class=\"screen-reader-text\">Julcsika<\/span> weiterlesen<\/a><\/p>","protected":false},"author":1,"featured_media":2497,"menu_order":0,"template":"","format":"standard","meta":[],"szuro":[42,35],"acf":[],"_wp_attached_file":null,"_wp_attachment_metadata":null,"_elementor_is_screenshot":null,"_elementor_source_image_hash":null,"_jet_sm_fonts_cache":null,"theplus_transient_widgets":null,"_filter_label":null,"_active_label":null,"_filter_type":null,"_date_source":null,"_is_hierarchical":null,"_ih_source_map":null,"_data_source":null,"_query_switcher_notice":null,"_query_builder_queries_to_switch":null,"_query_builder_query":null,"_query_builder_value_prop":null,"_query_builder_label_prop":null,"_cct_notice":null,"_rating_options":null,"_rating_compare_operand":null,"_source_taxonomy":null,"_terms_relational_operator":null,"_source_post_type":null,"_glossary_id":null,"_glossary_notice":null,"_add_all_option":null,"_all_option_label":null,"_ability_deselect_radio":null,"_show_empty_terms":null,"_only_child":null,"_group_by_parent":null,"_source_custom_field":null,"_source_get_from_field_data":null,"_custom_field_source_plugin":null,"_source_manual_input":null,"_color_image_type":null,"_query_builder_color_prop":null,"_query_builder_image_prop":null,"_color_image_behavior":null,"_source_color_image_input":null,"_source_manual_input_range":null,"_placeholder":null,"_s_placeholder":null,"_is_custom_checkbox":null,"_s_by":null,"_date_format":null,"_date_from_placeholder":null,"_date_to_placeholder":null,"_date_period_type":null,"_date_period_datepicker_button_text":null,"_min_max_date_period_enabled":null,"_min_date_period":null,"_max_date_period":null,"_date_period_start_end_enabled":null,"_date_period_format":null,"_date_period_start_format":null,"_date_period_separator":null,"_date_period_end_format":null,"_range_inputs_enabled":null,"_range_inputs_separators_enabled":null,"_values_prefix":null,"_values_suffix":null,"_values_thousand_sep":null,"_values_decimal_sep":null,"_values_decimal_num":null,"_source_min":null,"_source_max":null,"_source_step":null,"_source_callback":null,"_use_exclude_include":null,"_data_exclude_include":null,"_alphabet_behavior":null,"_alphabet_radio_deselect":null,"_alphabet_options":null,"_query_var":null,"_is_custom_query_var":null,"_custom_query_var":null,"_query_compare":null,"license":null,"_menu_item_type":null,"_menu_item_menu_item_parent":null,"_menu_item_object_id":null,"_menu_item_object":null,"_menu_item_target":null,"_menu_item_classes":null,"_menu_item_xfn":null,"_menu_item_url":null,"_yoast_wpseo_primary_category":null,"_pingme":null,"_encloseme":null,"_elementor_screenshot_failed":null,"_form":null,"_mail":null,"_mail_2":null,"_messages":null,"_additional_settings":null,"_locale":null,"_hash":null,"_edit_last":null,"_edit_lock":null,"_wp_trash_meta_status":null,"_wp_trash_meta_time":null,"_wp_desired_post_slug":null,"_yoast_wpseo_estimated-reading-time-minutes":null,"_yoast_wpseo_wordproof_timestamp":null,"_wpgb":null,"_elementor_edit_mode":null,"_elementor_template_type":null,"_elementor_version":null,"_elementor_pro_version":null,"_wp_page_template":null,"_elementor_data":null,"_elementor_page_assets":null,"_yoast_wpseo_content_score":null,"_elementor_css":null,"_elementor_page_settings":null,"_elementor_source":null,"_elementor_conditions":null,"_elementor_screenshot":null,"Ivara":"Szuka","kora":"2021-11-02","sz\u00edne":"Fekete-barna","ivartalanitott":"Igen","magasaga":"38","kutya_szama":"1519","nemet leiras":"<p>Aktuelle Beschreibung Januar 2024:<\/p>\n<p>Julcsika hat in der vergangenen Zeit eine Wandlung vollzogen, die uns alle sehr erfreut. Sie ist inzwischen nicht nur umg\u00e4nglich mit Frauen, sondern hat sich auch der M\u00e4nnerwelt ge\u00f6ffnet. Sie kommt freudig heran und l\u00e4sst sich problemlos anfassen. Derzeit ist sie mit einem st\u00fcrmischen Terrierherren gemeinsam untergebracht, dem sie bei zu harrschem Verhalten einfach nur aus dem Weg geht. Auch mit Lotti, einer Sch\u00e4ferh\u00fcndin, die eine Zeitlang bei den zweien untergebracht war kam Julcsika  bestens zurecht.<\/p>\n<p>Aktuelle Beschreibung Mai 2023:<\/p>\n<p>Julcsika wurde Anfang April 2023 im Tierschutz-Zentrum aufgenommen, da sie in einer benachbarten Gemeinde herumstreunte. Als sie von Tiersch\u00fctzern eingefangen werden sollte, stellte sich heraus, dass sie auf M\u00e4nner nicht wirklich gut zu sprechen ist. Frauen gegen\u00fcber reagiert sie etwas zug\u00e4nglicher. Als Schmusehund ist sie jedoch nicht zu bezeichnen.<\/p>\n<p>Dies sind wahrlich nicht die besten Voraussetzungen f\u00fcr eine Vermittlung aber im Tierschutzzentrum wird jetzt t\u00e4glich mit ihr gearbeitet werden. Bei Julciska handelt es sich um eine junge H\u00fcndin, die noch ihr ganzes Leben vor sich hat. Die Routine und der strukturierte Tagesablauf werden dazu beitragen, dass Julciska das Vertrauen in den Menschen wieder gewinnt und der Weg dann offen ist f\u00fcr eine Vermittlung zu \"ihren\" Menschen.<\/p>\n<p>Bei Interesse nehmen Sie gerne mit uns Kontakt auf.<\/p>\n","_thumbnail_id":"2497","nemet_bemutato":"Aktuelle Beschreibung Januar 2024:\n\nJulcsika hat in der vergangenen Zeit eine Wandlung vollzogen, die uns alle sehr erfreut. Sie ist inzwischen nicht nur umg\u00e4nglich mit Frauen, sondern hat sich auch der M\u00e4nnerwelt ge\u00f6ffnet. Sie kommt freudig heran und l\u00e4sst si","yoast_head":"<!-- This site is optimized with the Yoast SEO Premium plugin v22.6 (Yoast SEO v22.6) - https:\/\/yoast.com\/wordpress\/plugins\/seo\/ -->\n<title>Julcsika - \u00c1llatv\u00e9delmi-centrum<\/title>\n<meta name=\"robots\" content=\"index, follow, max-snippet:-1, max-image-preview:large, max-video-preview:-1\" \/>\n<link rel=\"canonical\" href=\"https:\/\/allatvedelmi-centrum.hu\/de\/kutya\/julcsika\/\" \/>\n<meta property=\"og:locale\" content=\"de_DE\" \/>\n<meta property=\"og:type\" content=\"article\" \/>\n<meta property=\"og:title\" content=\"Julcsika\" \/>\n<meta property=\"og:description\" content=\"Julcsi, akit Jakabsz\u00e1ll\u00e1sr\u00f3l hoztak be menhely\u00fcnkre, egy k\u00fcl\u00f6nleges t\u00f6rt\u00e9nettel rendelkezik. Kezdetben nagyon visszah\u00faz\u00f3d\u00f3 volt, k\u00fcl\u00f6n\u00f6sen a f\u00e9rfiakkal szemben. Az elnyomott m\u00faltja miatt id\u0151be telt, mire elkezdte \u00e9rezni a k\u00f6r\u00fcl\u00f6tte l\u00e9v\u0151 biztons\u00e1got, \u00e1m ma m\u00e1r egy b\u00faj\u00f3s, szeretetteljes kutyuss\u00e1 v\u00e1lt. Julcsi a menhelyen kapott egy kis id\u0151t \u00e9s t\u00f6r\u0151d\u00e9st, \u00e9s ennek eredm\u00e9nyek\u00e9ppen megny\u00edlt az emberek fel\u00e9.&hellip; Julcsika weiterlesen\" \/>\n<meta property=\"og:url\" content=\"https:\/\/allatvedelmi-centrum.hu\/de\/kutya\/julcsika\/\" \/>\n<meta property=\"og:site_name\" content=\"\u00c1llatv\u00e9delmi-centrum\" \/>\n<meta property=\"article:modified_time\" content=\"2025-11-12T16:07:54+00:00\" \/>\n<meta property=\"og:image\" content=\"https:\/\/allatvedelmi-centrum.hu\/wp-content\/uploads\/2024\/01\/Julcsika1file.jpeg\" \/>\n\t<meta property=\"og:image:width\" content=\"800\" \/>\n\t<meta property=\"og:image:height\" content=\"731\" \/>\n\t<meta property=\"og:image:type\" content=\"image\/jpeg\" \/>\n<meta name=\"twitter:card\" content=\"summary_large_image\" \/>\n<meta name=\"twitter:label1\" content=\"Gesch\u00e4tzte Lesezeit\" \/>\n\t<meta name=\"twitter:data1\" content=\"1 Minute\" \/>\n<script type=\"application\/ld+json\" class=\"yoast-schema-graph\">{\"@context\":\"https:\/\/schema.org\",\"@graph\":[{\"@type\":\"WebPage\",\"@id\":\"https:\/\/allatvedelmi-centrum.hu\/kutya\/julcsika\/\",\"url\":\"https:\/\/allatvedelmi-centrum.hu\/kutya\/julcsika\/\",\"name\":\"Julcsika - \u00c1llatv\u00e9delmi-centrum\",\"isPartOf\":{\"@id\":\"https:\/\/allatvedelmi-centrum.hu\/#website\"},\"primaryImageOfPage\":{\"@id\":\"https:\/\/allatvedelmi-centrum.hu\/kutya\/julcsika\/#primaryimage\"},\"image\":{\"@id\":\"https:\/\/allatvedelmi-centrum.hu\/kutya\/julcsika\/#primaryimage\"},\"thumbnailUrl\":\"https:\/\/allatvedelmi-centrum.hu\/wp-content\/uploads\/2024\/01\/Julcsika1file.jpeg\",\"datePublished\":\"2024-08-16T09:30:46+00:00\",\"dateModified\":\"2025-11-12T16:07:54+00:00\",\"breadcrumb\":{\"@id\":\"https:\/\/allatvedelmi-centrum.hu\/kutya\/julcsika\/#breadcrumb\"},\"inLanguage\":\"de-DE\",\"potentialAction\":[{\"@type\":\"ReadAction\",\"target\":[\"https:\/\/allatvedelmi-centrum.hu\/kutya\/julcsika\/\"]}]},{\"@type\":\"ImageObject\",\"inLanguage\":\"de-DE\",\"@id\":\"https:\/\/allatvedelmi-centrum.hu\/kutya\/julcsika\/#primaryimage\",\"url\":\"https:\/\/allatvedelmi-centrum.hu\/wp-content\/uploads\/2024\/01\/Julcsika1file.jpeg\",\"contentUrl\":\"https:\/\/allatvedelmi-centrum.hu\/wp-content\/uploads\/2024\/01\/Julcsika1file.jpeg\",\"width\":800,\"height\":731},{\"@type\":\"BreadcrumbList\",\"@id\":\"https:\/\/allatvedelmi-centrum.hu\/kutya\/julcsika\/#breadcrumb\",\"itemListElement\":[{\"@type\":\"ListItem\",\"position\":1,\"name\":\"Kezd\u0151lap\",\"item\":\"https:\/\/allatvedelmi-centrum.hu\/\"},{\"@type\":\"ListItem\",\"position\":2,\"name\":\"Julcsika\"}]},{\"@type\":\"WebSite\",\"@id\":\"https:\/\/allatvedelmi-centrum.hu\/#website\",\"url\":\"https:\/\/allatvedelmi-centrum.hu\/\",\"name\":\"\u00c1llatv\u00e9delmi-centrum\",\"description\":\"\",\"publisher\":{\"@id\":\"https:\/\/allatvedelmi-centrum.hu\/#organization\"},\"potentialAction\":[{\"@type\":\"SearchAction\",\"target\":{\"@type\":\"EntryPoint\",\"urlTemplate\":\"https:\/\/allatvedelmi-centrum.hu\/?s={search_term_string}\"},\"query-input\":\"required name=search_term_string\"}],\"inLanguage\":\"de-DE\"},{\"@type\":\"Organization\",\"@id\":\"https:\/\/allatvedelmi-centrum.hu\/#organization\",\"name\":\"\u00c1llatv\u00e9delmi-centrum\",\"url\":\"https:\/\/allatvedelmi-centrum.hu\/\",\"logo\":{\"@type\":\"ImageObject\",\"inLanguage\":\"de-DE\",\"@id\":\"https:\/\/allatvedelmi-centrum.hu\/#\/schema\/logo\/image\/\",\"url\":\"https:\/\/allatvedelmi-centrum.hu\/wp-content\/uploads\/2023\/10\/logo-x-1.jpg\",\"contentUrl\":\"https:\/\/allatvedelmi-centrum.hu\/wp-content\/uploads\/2023\/10\/logo-x-1.jpg\",\"width\":1701,\"height\":425,\"caption\":\"\u00c1llatv\u00e9delmi-centrum\"},\"image\":{\"@id\":\"https:\/\/allatvedelmi-centrum.hu\/#\/schema\/logo\/image\/\"}}]}<\/script>\n<!-- \/ Yoast SEO Premium plugin. -->","yoast_head_json":{"title":"Julcsika - \u00c1llatv\u00e9delmi-centrum","robots":{"index":"index","follow":"follow","max-snippet":"max-snippet:-1","max-image-preview":"max-image-preview:large","max-video-preview":"max-video-preview:-1"},"canonical":"https:\/\/allatvedelmi-centrum.hu\/de\/kutya\/julcsika\/","og_locale":"de_DE","og_type":"article","og_title":"Julcsika","og_description":"Julcsi, akit Jakabsz\u00e1ll\u00e1sr\u00f3l hoztak be menhely\u00fcnkre, egy k\u00fcl\u00f6nleges t\u00f6rt\u00e9nettel rendelkezik. Kezdetben nagyon visszah\u00faz\u00f3d\u00f3 volt, k\u00fcl\u00f6n\u00f6sen a f\u00e9rfiakkal szemben. Az elnyomott m\u00faltja miatt id\u0151be telt, mire elkezdte \u00e9rezni a k\u00f6r\u00fcl\u00f6tte l\u00e9v\u0151 biztons\u00e1got, \u00e1m ma m\u00e1r egy b\u00faj\u00f3s, szeretetteljes kutyuss\u00e1 v\u00e1lt. Julcsi a menhelyen kapott egy kis id\u0151t \u00e9s t\u00f6r\u0151d\u00e9st, \u00e9s ennek eredm\u00e9nyek\u00e9ppen megny\u00edlt az emberek fel\u00e9.&hellip; Julcsika weiterlesen","og_url":"https:\/\/allatvedelmi-centrum.hu\/de\/kutya\/julcsika\/","og_site_name":"\u00c1llatv\u00e9delmi-centrum","article_modified_time":"2025-11-12T16:07:54+00:00","og_image":[{"width":800,"height":731,"url":"https:\/\/allatvedelmi-centrum.hu\/wp-content\/uploads\/2024\/01\/Julcsika1file.jpeg","type":"image\/jpeg"}],"twitter_card":"summary_large_image","twitter_misc":{"Gesch\u00e4tzte Lesezeit":"1 Minute"},"schema":{"@context":"https:\/\/schema.org","@graph":[{"@type":"WebPage","@id":"https:\/\/allatvedelmi-centrum.hu\/kutya\/julcsika\/","url":"https:\/\/allatvedelmi-centrum.hu\/kutya\/julcsika\/","name":"Julcsika - \u00c1llatv\u00e9delmi-centrum","isPartOf":{"@id":"https:\/\/allatvedelmi-centrum.hu\/#website"},"primaryImageOfPage":{"@id":"https:\/\/allatvedelmi-centrum.hu\/kutya\/julcsika\/#primaryimage"},"image":{"@id":"https:\/\/allatvedelmi-centrum.hu\/kutya\/julcsika\/#primaryimage"},"thumbnailUrl":"https:\/\/allatvedelmi-centrum.hu\/wp-content\/uploads\/2024\/01\/Julcsika1file.jpeg","datePublished":"2024-08-16T09:30:46+00:00","dateModified":"2025-11-12T16:07:54+00:00","breadcrumb":{"@id":"https:\/\/allatvedelmi-centrum.hu\/kutya\/julcsika\/#breadcrumb"},"inLanguage":"de-DE","potentialAction":[{"@type":"ReadAction","target":["https:\/\/allatvedelmi-centrum.hu\/kutya\/julcsika\/"]}]},{"@type":"ImageObject","inLanguage":"de-DE","@id":"https:\/\/allatvedelmi-centrum.hu\/kutya\/julcsika\/#primaryimage","url":"https:\/\/allatvedelmi-centrum.hu\/wp-content\/uploads\/2024\/01\/Julcsika1file.jpeg","contentUrl":"https:\/\/allatvedelmi-centrum.hu\/wp-content\/uploads\/2024\/01\/Julcsika1file.jpeg","width":800,"height":731},{"@type":"BreadcrumbList","@id":"https:\/\/allatvedelmi-centrum.hu\/kutya\/julcsika\/#breadcrumb","itemListElement":[{"@type":"ListItem","position":1,"name":"Kezd\u0151lap","item":"https:\/\/allatvedelmi-centrum.hu\/"},{"@type":"ListItem","position":2,"name":"Julcsika"}]},{"@type":"WebSite","@id":"https:\/\/allatvedelmi-centrum.hu\/#website","url":"https:\/\/allatvedelmi-centrum.hu\/","name":"\u00c1llatv\u00e9delmi-centrum","description":"","publisher":{"@id":"https:\/\/allatvedelmi-centrum.hu\/#organization"},"potentialAction":[{"@type":"SearchAction","target":{"@type":"EntryPoint","urlTemplate":"https:\/\/allatvedelmi-centrum.hu\/?s={search_term_string}"},"query-input":"required name=search_term_string"}],"inLanguage":"de-DE"},{"@type":"Organization","@id":"https:\/\/allatvedelmi-centrum.hu\/#organization","name":"\u00c1llatv\u00e9delmi-centrum","url":"https:\/\/allatvedelmi-centrum.hu\/","logo":{"@type":"ImageObject","inLanguage":"de-DE","@id":"https:\/\/allatvedelmi-centrum.hu\/#\/schema\/logo\/image\/","url":"https:\/\/allatvedelmi-centrum.hu\/wp-content\/uploads\/2023\/10\/logo-x-1.jpg","contentUrl":"https:\/\/allatvedelmi-centrum.hu\/wp-content\/uploads\/2023\/10\/logo-x-1.jpg","width":1701,"height":425,"caption":"\u00c1llatv\u00e9delmi-centrum"},"image":{"@id":"https:\/\/allatvedelmi-centrum.hu\/#\/schema\/logo\/image\/"}}]}},"_links":{"self":[{"href":"https:\/\/allatvedelmi-centrum.hu\/de\/wp-json\/wp\/v2\/kutya\/3793"}],"collection":[{"href":"https:\/\/allatvedelmi-centrum.hu\/de\/wp-json\/wp\/v2\/kutya"}],"about":[{"href":"https:\/\/allatvedelmi-centrum.hu\/de\/wp-json\/wp\/v2\/types\/kutya"}],"author":[{"embeddable":true,"href":"https:\/\/allatvedelmi-centrum.hu\/de\/wp-json\/wp\/v2\/users\/1"}],"version-history":[{"count":1,"href":"https:\/\/allatvedelmi-centrum.hu\/de\/wp-json\/wp\/v2\/kutya\/3793\/revisions"}],"predecessor-version":[{"id":3794,"href":"https:\/\/allatvedelmi-centrum.hu\/de\/wp-json\/wp\/v2\/kutya\/3793\/revisions\/3794"}],"wp:featuredmedia":[{"embeddable":true,"href":"https:\/\/allatvedelmi-centrum.hu\/de\/wp-json\/wp\/v2\/media\/2497"}],"wp:attachment":[{"href":"https:\/\/allatvedelmi-centrum.hu\/de\/wp-json\/wp\/v2\/media?parent=3793"}],"wp:term":[{"taxonomy":"szuro","embeddable":true,"href":"https:\/\/allatvedelmi-centrum.hu\/de\/wp-json\/wp\/v2\/szuro?post=3793"}],"curies":[{"name":"wp","href":"https:\/\/api.w.org\/{rel}","templated":true}]}}