{"id":4040,"date":"2024-09-19T17:42:36","date_gmt":"2024-09-19T17:42:36","guid":{"rendered":"https:\/\/allatvedelmi-centrum.hu\/kutya\/tara\/"},"modified":"2025-11-12T16:07:49","modified_gmt":"2025-11-12T16:07:49","slug":"tara","status":"publish","type":"kutya","link":"https:\/\/allatvedelmi-centrum.hu\/de\/kutya\/tara\/","title":{"rendered":"Tara"},"content":{"rendered":"<p>Egy neh\u00e9z sors\u00fa n\u00e9ni Ball\u00f3sz\u00f6gr\u0151l kereste fel menhely\u00fcnket, miut\u00e1n f\u00e9rje hal\u00e1la ut\u00e1n nem tudta v\u00e1llalni 6 kuty\u00e1ja gondoz\u00e1s\u00e1t. Ezek a kutyusok sajnos s\u00falyos viselked\u00e9si probl\u00e9m\u00e1kkal k\u00fczdenek, f\u0151leg az\u00e9rt, mert nem lettek megfelel\u0151en szocializ\u00e1lva, \u00e9s \u00fagy t\u0171nik,hogy nem voltak hozz\u00e1szokva az emberekkel val\u00f3 k\u00f6zeled\u00e9shez vagy a k\u00f6rnyezet\u00fck v\u00e1ltoz\u00e1saihoz.<\/p>\n<p>A f\u0151 feladatunk most az, hogy seg\u00edts\u00fck ezeket a kutyusokat abban, hogy \u00fajra megtanuljanak bizalommal viszonyulni az emberekhez, \u00e9s ne f\u00e9ljenek mindenkit\u0151l. Megpr\u00f3b\u00e1ljuk kialak\u00edtani vel\u00fck a helyes viselked\u00e9si mint\u00e1kat, hogy az \u00e9let\u00fcket ne kelljen kiz\u00e1r\u00f3lag a menhelyen le\u00e9lni\u00fck. Mindegyik\u00fcket egyedi m\u00f3don kezelj\u00fck, figyelembe v\u00e9ve szem\u00e9lyis\u00e9g\u00fcket \u00e9s kor\u00e1bbi \u00e9lm\u00e9nyeiket, hogy minden kutya sz\u00e1m\u00e1ra megfelel\u0151 m\u00f3don seg\u00edthess\u00fcnk.<\/p>\n<p>Az elk\u00f6telezett csapatunk minden t\u0151le telhet\u0151t megtesz annak \u00e9rdek\u00e9ben, hogy ezek a kutyusok \u00fajra boldog \u00e9s kiegyens\u00falyozott \u00e9letet \u00e9lhessenek, \u00e9s rem\u00e9lj\u00fck, hogy id\u0151vel megtal\u00e1lj\u00e1k a szeret\u0151 otthont, amelyet meg\u00e9rdemelnek.<\/p>","protected":false},"excerpt":{"rendered":"<p>Egy neh\u00e9z sors\u00fa n\u00e9ni Ball\u00f3sz\u00f6gr\u0151l kereste fel menhely\u00fcnket, miut\u00e1n f\u00e9rje hal\u00e1la ut\u00e1n nem tudta v\u00e1llalni 6 kuty\u00e1ja gondoz\u00e1s\u00e1t. Ezek a kutyusok sajnos s\u00falyos viselked\u00e9si probl\u00e9m\u00e1kkal k\u00fczdenek, f\u0151leg az\u00e9rt, mert nem lettek megfelel\u0151en szocializ\u00e1lva, \u00e9s \u00fagy t\u0171nik,hogy nem voltak hozz\u00e1szokva az emberekkel val\u00f3 k\u00f6zeled\u00e9shez vagy a k\u00f6rnyezet\u00fck v\u00e1ltoz\u00e1saihoz. A f\u0151 feladatunk most az, hogy seg\u00edts\u00fck ezeket&hellip; <a class=\"more-link\" href=\"https:\/\/allatvedelmi-centrum.hu\/de\/kutya\/tara\/\"><span class=\"screen-reader-text\">Tara<\/span> weiterlesen<\/a><\/p>","protected":false},"author":1,"featured_media":4046,"menu_order":0,"template":"","format":"standard","meta":[],"szuro":[42,35],"acf":[],"_wp_attached_file":null,"_wp_attachment_metadata":null,"_elementor_is_screenshot":null,"_elementor_source_image_hash":null,"_jet_sm_fonts_cache":null,"theplus_transient_widgets":null,"_filter_label":null,"_active_label":null,"_filter_type":null,"_date_source":null,"_is_hierarchical":null,"_ih_source_map":null,"_data_source":null,"_query_switcher_notice":null,"_query_builder_queries_to_switch":null,"_query_builder_query":null,"_query_builder_value_prop":null,"_query_builder_label_prop":null,"_cct_notice":null,"_rating_options":null,"_rating_compare_operand":null,"_source_taxonomy":null,"_terms_relational_operator":null,"_source_post_type":null,"_glossary_id":null,"_glossary_notice":null,"_add_all_option":null,"_all_option_label":null,"_ability_deselect_radio":null,"_show_empty_terms":null,"_only_child":null,"_group_by_parent":null,"_source_custom_field":null,"_source_get_from_field_data":null,"_custom_field_source_plugin":null,"_source_manual_input":null,"_color_image_type":null,"_query_builder_color_prop":null,"_query_builder_image_prop":null,"_color_image_behavior":null,"_source_color_image_input":null,"_source_manual_input_range":null,"_placeholder":null,"_s_placeholder":null,"_is_custom_checkbox":null,"_s_by":null,"_date_format":null,"_date_from_placeholder":null,"_date_to_placeholder":null,"_date_period_type":null,"_date_period_datepicker_button_text":null,"_min_max_date_period_enabled":null,"_min_date_period":null,"_max_date_period":null,"_date_period_start_end_enabled":null,"_date_period_format":null,"_date_period_start_format":null,"_date_period_separator":null,"_date_period_end_format":null,"_range_inputs_enabled":null,"_range_inputs_separators_enabled":null,"_values_prefix":null,"_values_suffix":null,"_values_thousand_sep":null,"_values_decimal_sep":null,"_values_decimal_num":null,"_source_min":null,"_source_max":null,"_source_step":null,"_source_callback":null,"_use_exclude_include":null,"_data_exclude_include":null,"_alphabet_behavior":null,"_alphabet_radio_deselect":null,"_alphabet_options":null,"_query_var":null,"_is_custom_query_var":null,"_custom_query_var":null,"_query_compare":null,"license":null,"_menu_item_type":null,"_menu_item_menu_item_parent":null,"_menu_item_object_id":null,"_menu_item_object":null,"_menu_item_target":null,"_menu_item_classes":null,"_menu_item_xfn":null,"_menu_item_url":null,"_yoast_wpseo_primary_category":null,"_pingme":null,"_encloseme":null,"_elementor_screenshot_failed":null,"_form":null,"_mail":null,"_mail_2":null,"_messages":null,"_additional_settings":null,"_locale":null,"_hash":null,"_edit_last":null,"_edit_lock":null,"_wp_trash_meta_status":null,"_wp_trash_meta_time":null,"_wp_desired_post_slug":null,"_yoast_wpseo_estimated-reading-time-minutes":null,"_yoast_wpseo_wordproof_timestamp":null,"_wpgb":null,"_elementor_edit_mode":null,"_elementor_template_type":null,"_elementor_version":null,"_elementor_pro_version":null,"_wp_page_template":null,"_elementor_data":null,"_elementor_page_assets":null,"_yoast_wpseo_content_score":null,"_elementor_css":null,"_elementor_page_settings":null,"_elementor_source":null,"_elementor_conditions":null,"_elementor_screenshot":null,"Ivara":"Szuka","kora":"2023-02-07","sz\u00edne":"fekete","ivartalanitott":"Igen","magasaga":"43","kutya_szama":"1611","nemet leiras":"<p>Eine Frau aus Ball\u00f3sz\u00f6g, die durch schwere Zeiten geht, hat unser Tierheim aufgesucht, nachdem sie nach dem Tod ihres Mannes nicht mehr in der Lage war, sich um ihre sechs Hunde zu k\u00fcmmern. Leider leiden diese Hunde unter schwerwiegenden Verhaltensproblemen, haupts\u00e4chlich weil sie nicht richtig sozialisiert wurden und es scheint, dass sie nicht daran gew\u00f6hnt sind, auf Menschen zuzugehen oder sich an Ver\u00e4nderungen in ihrer Umgebung anzupassen.<\/p>\n<p>Unsere Hauptaufgabe besteht nun darin, diesen Hunden zu helfen, wieder Vertrauen zu den Menschen aufzubauen und keine Angst vor jedem zu haben. Wir versuchen, mit ihnen die richtigen Verhaltensmuster zu entwickeln, damit sie nicht ihr ganzes Leben nur im Tierheim verbringen m\u00fcssen. Jeden Hund behandeln wir auf individuelle Weise, unter Ber\u00fccksichtigung seiner Pers\u00f6nlichkeit und fr\u00fcheren Erfahrungen, um jedem Hund auf angemessene Weise helfen zu k\u00f6nnen.<\/p>\n<p>Unser engagiertes Team tut sein Bestes, damit diese Hunde wieder ein gl\u00fcckliches und ausgeglichenes Leben f\u00fchren k\u00f6nnen, und wir hoffen, dass sie mit der Zeit das liebevolle Zuhause finden, das sie verdienen.<br \/>\nTara ist eine der T\u00f6chter von Lola und Bobby, die zusammen mit drei weiteren Geschwistern im Tierschutz-Zentrum aufgenommen wurden.<br \/>\nTara ist eine sehr \u00e4ngstliche junge H\u00fcndin, der man Sicherheit und Stetigkeit vermitteln muss. Erfahrene Hundehalter werden mit sehr viel Geduld aber einiges an ihrem Verhalten verbessern k\u00f6nnen.<\/p>\n","_thumbnail_id":"4046","nemet_bemutato":"Eine Frau aus Ball\u00f3sz\u00f6g, die durch schwere Zeiten geht, hat unser Tierheim aufgesucht, nachdem sie nach dem Tod ihres Mannes nicht mehr in der Lage war, sich um ihre sechs Hunde zu k\u00fcmmern. Leider leiden diese Hunde unter schwerwiegenden Verhaltensproblemen, h","yoast_head":"<!-- This site is optimized with the Yoast SEO Premium plugin v22.6 (Yoast SEO v22.6) - https:\/\/yoast.com\/wordpress\/plugins\/seo\/ -->\n<title>Tara - \u00c1llatv\u00e9delmi-centrum<\/title>\n<meta name=\"robots\" content=\"index, follow, max-snippet:-1, max-image-preview:large, max-video-preview:-1\" \/>\n<link rel=\"canonical\" href=\"https:\/\/allatvedelmi-centrum.hu\/de\/kutya\/tara\/\" \/>\n<meta property=\"og:locale\" content=\"de_DE\" \/>\n<meta property=\"og:type\" content=\"article\" \/>\n<meta property=\"og:title\" content=\"Tara\" \/>\n<meta property=\"og:description\" content=\"Egy neh\u00e9z sors\u00fa n\u00e9ni Ball\u00f3sz\u00f6gr\u0151l kereste fel menhely\u00fcnket, miut\u00e1n f\u00e9rje hal\u00e1la ut\u00e1n nem tudta v\u00e1llalni 6 kuty\u00e1ja gondoz\u00e1s\u00e1t. Ezek a kutyusok sajnos s\u00falyos viselked\u00e9si probl\u00e9m\u00e1kkal k\u00fczdenek, f\u0151leg az\u00e9rt, mert nem lettek megfelel\u0151en szocializ\u00e1lva, \u00e9s \u00fagy t\u0171nik,hogy nem voltak hozz\u00e1szokva az emberekkel val\u00f3 k\u00f6zeled\u00e9shez vagy a k\u00f6rnyezet\u00fck v\u00e1ltoz\u00e1saihoz. A f\u0151 feladatunk most az, hogy seg\u00edts\u00fck ezeket&hellip; Tara weiterlesen\" \/>\n<meta property=\"og:url\" content=\"https:\/\/allatvedelmi-centrum.hu\/de\/kutya\/tara\/\" \/>\n<meta property=\"og:site_name\" content=\"\u00c1llatv\u00e9delmi-centrum\" \/>\n<meta property=\"article:modified_time\" content=\"2025-11-12T16:07:49+00:00\" \/>\n<meta property=\"og:image\" content=\"https:\/\/allatvedelmi-centrum.hu\/wp-content\/uploads\/2024\/09\/Tara1file.jpeg\" \/>\n\t<meta property=\"og:image:width\" content=\"800\" \/>\n\t<meta property=\"og:image:height\" content=\"612\" \/>\n\t<meta property=\"og:image:type\" content=\"image\/jpeg\" \/>\n<meta name=\"twitter:card\" content=\"summary_large_image\" \/>\n<meta name=\"twitter:label1\" content=\"Gesch\u00e4tzte Lesezeit\" \/>\n\t<meta name=\"twitter:data1\" content=\"1 Minute\" \/>\n<script type=\"application\/ld+json\" class=\"yoast-schema-graph\">{\"@context\":\"https:\/\/schema.org\",\"@graph\":[{\"@type\":\"WebPage\",\"@id\":\"https:\/\/allatvedelmi-centrum.hu\/kutya\/tara\/\",\"url\":\"https:\/\/allatvedelmi-centrum.hu\/kutya\/tara\/\",\"name\":\"Tara - \u00c1llatv\u00e9delmi-centrum\",\"isPartOf\":{\"@id\":\"https:\/\/allatvedelmi-centrum.hu\/#website\"},\"primaryImageOfPage\":{\"@id\":\"https:\/\/allatvedelmi-centrum.hu\/kutya\/tara\/#primaryimage\"},\"image\":{\"@id\":\"https:\/\/allatvedelmi-centrum.hu\/kutya\/tara\/#primaryimage\"},\"thumbnailUrl\":\"https:\/\/allatvedelmi-centrum.hu\/wp-content\/uploads\/2024\/09\/Tara1file.jpeg\",\"datePublished\":\"2024-09-19T17:42:36+00:00\",\"dateModified\":\"2025-11-12T16:07:49+00:00\",\"breadcrumb\":{\"@id\":\"https:\/\/allatvedelmi-centrum.hu\/kutya\/tara\/#breadcrumb\"},\"inLanguage\":\"de-DE\",\"potentialAction\":[{\"@type\":\"ReadAction\",\"target\":[\"https:\/\/allatvedelmi-centrum.hu\/kutya\/tara\/\"]}]},{\"@type\":\"ImageObject\",\"inLanguage\":\"de-DE\",\"@id\":\"https:\/\/allatvedelmi-centrum.hu\/kutya\/tara\/#primaryimage\",\"url\":\"https:\/\/allatvedelmi-centrum.hu\/wp-content\/uploads\/2024\/09\/Tara1file.jpeg\",\"contentUrl\":\"https:\/\/allatvedelmi-centrum.hu\/wp-content\/uploads\/2024\/09\/Tara1file.jpeg\",\"width\":800,\"height\":612},{\"@type\":\"BreadcrumbList\",\"@id\":\"https:\/\/allatvedelmi-centrum.hu\/kutya\/tara\/#breadcrumb\",\"itemListElement\":[{\"@type\":\"ListItem\",\"position\":1,\"name\":\"Kezd\u0151lap\",\"item\":\"https:\/\/allatvedelmi-centrum.hu\/\"},{\"@type\":\"ListItem\",\"position\":2,\"name\":\"Tara\"}]},{\"@type\":\"WebSite\",\"@id\":\"https:\/\/allatvedelmi-centrum.hu\/#website\",\"url\":\"https:\/\/allatvedelmi-centrum.hu\/\",\"name\":\"\u00c1llatv\u00e9delmi-centrum\",\"description\":\"\",\"publisher\":{\"@id\":\"https:\/\/allatvedelmi-centrum.hu\/#organization\"},\"potentialAction\":[{\"@type\":\"SearchAction\",\"target\":{\"@type\":\"EntryPoint\",\"urlTemplate\":\"https:\/\/allatvedelmi-centrum.hu\/?s={search_term_string}\"},\"query-input\":\"required name=search_term_string\"}],\"inLanguage\":\"de-DE\"},{\"@type\":\"Organization\",\"@id\":\"https:\/\/allatvedelmi-centrum.hu\/#organization\",\"name\":\"\u00c1llatv\u00e9delmi-centrum\",\"url\":\"https:\/\/allatvedelmi-centrum.hu\/\",\"logo\":{\"@type\":\"ImageObject\",\"inLanguage\":\"de-DE\",\"@id\":\"https:\/\/allatvedelmi-centrum.hu\/#\/schema\/logo\/image\/\",\"url\":\"https:\/\/allatvedelmi-centrum.hu\/wp-content\/uploads\/2023\/10\/logo-x-1.jpg\",\"contentUrl\":\"https:\/\/allatvedelmi-centrum.hu\/wp-content\/uploads\/2023\/10\/logo-x-1.jpg\",\"width\":1701,\"height\":425,\"caption\":\"\u00c1llatv\u00e9delmi-centrum\"},\"image\":{\"@id\":\"https:\/\/allatvedelmi-centrum.hu\/#\/schema\/logo\/image\/\"}}]}<\/script>\n<!-- \/ Yoast SEO Premium plugin. -->","yoast_head_json":{"title":"Tara - \u00c1llatv\u00e9delmi-centrum","robots":{"index":"index","follow":"follow","max-snippet":"max-snippet:-1","max-image-preview":"max-image-preview:large","max-video-preview":"max-video-preview:-1"},"canonical":"https:\/\/allatvedelmi-centrum.hu\/de\/kutya\/tara\/","og_locale":"de_DE","og_type":"article","og_title":"Tara","og_description":"Egy neh\u00e9z sors\u00fa n\u00e9ni Ball\u00f3sz\u00f6gr\u0151l kereste fel menhely\u00fcnket, miut\u00e1n f\u00e9rje hal\u00e1la ut\u00e1n nem tudta v\u00e1llalni 6 kuty\u00e1ja gondoz\u00e1s\u00e1t. Ezek a kutyusok sajnos s\u00falyos viselked\u00e9si probl\u00e9m\u00e1kkal k\u00fczdenek, f\u0151leg az\u00e9rt, mert nem lettek megfelel\u0151en szocializ\u00e1lva, \u00e9s \u00fagy t\u0171nik,hogy nem voltak hozz\u00e1szokva az emberekkel val\u00f3 k\u00f6zeled\u00e9shez vagy a k\u00f6rnyezet\u00fck v\u00e1ltoz\u00e1saihoz. A f\u0151 feladatunk most az, hogy seg\u00edts\u00fck ezeket&hellip; Tara weiterlesen","og_url":"https:\/\/allatvedelmi-centrum.hu\/de\/kutya\/tara\/","og_site_name":"\u00c1llatv\u00e9delmi-centrum","article_modified_time":"2025-11-12T16:07:49+00:00","og_image":[{"width":800,"height":612,"url":"https:\/\/allatvedelmi-centrum.hu\/wp-content\/uploads\/2024\/09\/Tara1file.jpeg","type":"image\/jpeg"}],"twitter_card":"summary_large_image","twitter_misc":{"Gesch\u00e4tzte Lesezeit":"1 Minute"},"schema":{"@context":"https:\/\/schema.org","@graph":[{"@type":"WebPage","@id":"https:\/\/allatvedelmi-centrum.hu\/kutya\/tara\/","url":"https:\/\/allatvedelmi-centrum.hu\/kutya\/tara\/","name":"Tara - \u00c1llatv\u00e9delmi-centrum","isPartOf":{"@id":"https:\/\/allatvedelmi-centrum.hu\/#website"},"primaryImageOfPage":{"@id":"https:\/\/allatvedelmi-centrum.hu\/kutya\/tara\/#primaryimage"},"image":{"@id":"https:\/\/allatvedelmi-centrum.hu\/kutya\/tara\/#primaryimage"},"thumbnailUrl":"https:\/\/allatvedelmi-centrum.hu\/wp-content\/uploads\/2024\/09\/Tara1file.jpeg","datePublished":"2024-09-19T17:42:36+00:00","dateModified":"2025-11-12T16:07:49+00:00","breadcrumb":{"@id":"https:\/\/allatvedelmi-centrum.hu\/kutya\/tara\/#breadcrumb"},"inLanguage":"de-DE","potentialAction":[{"@type":"ReadAction","target":["https:\/\/allatvedelmi-centrum.hu\/kutya\/tara\/"]}]},{"@type":"ImageObject","inLanguage":"de-DE","@id":"https:\/\/allatvedelmi-centrum.hu\/kutya\/tara\/#primaryimage","url":"https:\/\/allatvedelmi-centrum.hu\/wp-content\/uploads\/2024\/09\/Tara1file.jpeg","contentUrl":"https:\/\/allatvedelmi-centrum.hu\/wp-content\/uploads\/2024\/09\/Tara1file.jpeg","width":800,"height":612},{"@type":"BreadcrumbList","@id":"https:\/\/allatvedelmi-centrum.hu\/kutya\/tara\/#breadcrumb","itemListElement":[{"@type":"ListItem","position":1,"name":"Kezd\u0151lap","item":"https:\/\/allatvedelmi-centrum.hu\/"},{"@type":"ListItem","position":2,"name":"Tara"}]},{"@type":"WebSite","@id":"https:\/\/allatvedelmi-centrum.hu\/#website","url":"https:\/\/allatvedelmi-centrum.hu\/","name":"\u00c1llatv\u00e9delmi-centrum","description":"","publisher":{"@id":"https:\/\/allatvedelmi-centrum.hu\/#organization"},"potentialAction":[{"@type":"SearchAction","target":{"@type":"EntryPoint","urlTemplate":"https:\/\/allatvedelmi-centrum.hu\/?s={search_term_string}"},"query-input":"required name=search_term_string"}],"inLanguage":"de-DE"},{"@type":"Organization","@id":"https:\/\/allatvedelmi-centrum.hu\/#organization","name":"\u00c1llatv\u00e9delmi-centrum","url":"https:\/\/allatvedelmi-centrum.hu\/","logo":{"@type":"ImageObject","inLanguage":"de-DE","@id":"https:\/\/allatvedelmi-centrum.hu\/#\/schema\/logo\/image\/","url":"https:\/\/allatvedelmi-centrum.hu\/wp-content\/uploads\/2023\/10\/logo-x-1.jpg","contentUrl":"https:\/\/allatvedelmi-centrum.hu\/wp-content\/uploads\/2023\/10\/logo-x-1.jpg","width":1701,"height":425,"caption":"\u00c1llatv\u00e9delmi-centrum"},"image":{"@id":"https:\/\/allatvedelmi-centrum.hu\/#\/schema\/logo\/image\/"}}]}},"_links":{"self":[{"href":"https:\/\/allatvedelmi-centrum.hu\/de\/wp-json\/wp\/v2\/kutya\/4040"}],"collection":[{"href":"https:\/\/allatvedelmi-centrum.hu\/de\/wp-json\/wp\/v2\/kutya"}],"about":[{"href":"https:\/\/allatvedelmi-centrum.hu\/de\/wp-json\/wp\/v2\/types\/kutya"}],"author":[{"embeddable":true,"href":"https:\/\/allatvedelmi-centrum.hu\/de\/wp-json\/wp\/v2\/users\/1"}],"version-history":[{"count":1,"href":"https:\/\/allatvedelmi-centrum.hu\/de\/wp-json\/wp\/v2\/kutya\/4040\/revisions"}],"predecessor-version":[{"id":4041,"href":"https:\/\/allatvedelmi-centrum.hu\/de\/wp-json\/wp\/v2\/kutya\/4040\/revisions\/4041"}],"wp:featuredmedia":[{"embeddable":true,"href":"https:\/\/allatvedelmi-centrum.hu\/de\/wp-json\/wp\/v2\/media\/4046"}],"wp:attachment":[{"href":"https:\/\/allatvedelmi-centrum.hu\/de\/wp-json\/wp\/v2\/media?parent=4040"}],"wp:term":[{"taxonomy":"szuro","embeddable":true,"href":"https:\/\/allatvedelmi-centrum.hu\/de\/wp-json\/wp\/v2\/szuro?post=4040"}],"curies":[{"name":"wp","href":"https:\/\/api.w.org\/{rel}","templated":true}]}}