{"id":5522,"date":"2025-05-05T12:43:43","date_gmt":"2025-05-05T12:43:43","guid":{"rendered":"https:\/\/allatvedelmi-centrum.hu\/kutya\/markus\/"},"modified":"2025-11-12T15:36:03","modified_gmt":"2025-11-12T15:36:03","slug":"markus","status":"publish","type":"kutya","link":"https:\/\/allatvedelmi-centrum.hu\/de\/kutya\/markus\/","title":{"rendered":"Markus"},"content":{"rendered":"<p>Markus \u00e9s h\u00e1rom t\u00e1rsa egy elkobz\u00e1si akci\u00f3 sor\u00e1n ker\u00fclt az \u00c1llatv\u00e9delmi Centrum gondoz\u00e1s\u00e1ba. Egy olyan h\u00e1zb\u00f3l mentett\u00e9k ki \u0151ket, ahol tizen\u00f6t kutya zs\u00fafol\u00f3dott \u00f6ssze egyetlen bez\u00e1rt t\u00e9rben. Nem ismert\u00e9k a k\u00fclvil\u00e1got, nem tal\u00e1lkoztak \u00faj hangokkal, illatokkal vagy emberekkel \u2013 csak egym\u00e1s k\u00f6z\u00f6tt \u00e9lt\u00e9k a napjaikat, a vil\u00e1g t\u00f6bbi r\u00e9sze el\u00e9rhetetlen maradt nekik.<\/p>\n<p>Markus tal\u00e1n a &#8222;legb\u00e1trabb&#8221; a t\u00e1rsai k\u00f6zt. A hirtelen mozdulatok, az ismeretlen zajok, s\u0151t, m\u00e9g az \u00e9g nyitotts\u00e1ga is egy picivel kev\u00e9sb\u00e9 r\u00e9m\u00edti meg, mint t\u00e1rsait.   Apr\u00e1nk\u00e9nt, nagyon lassan, kezd ny\u00edlni a sz\u00edve. Az \u00e9telt \u0151 fogadta el els\u0151nek k\u00e9zb\u0151l \u2013 ez egy apr\u00f3, de hatalmas jelent\u0151s\u00e9g\u0171 l\u00e9p\u00e9s a bizalom fel\u00e9.<\/p>\n<p>Markus sz\u00e1m\u00e1ra a vil\u00e1g m\u00e9g mindig tele van ismeretlennel \u00e9s f\u00e9lelemmel. Nem lehet siettetni \u2013 az \u0151 t\u00f6rt\u00e9nete a t\u00fcrelemr\u0151l \u00e9s az apr\u00f3 gy\u0151zelmekr\u0151l sz\u00f3l. Olyan gazdira van sz\u00fcks\u00e9ge, aki nem v\u00e1r t\u0151le azonnali h\u00e1l\u00e1t vagy ragaszkod\u00e1st, hanem meg\u00e9rti, hogy minden egyes k\u00f6zeled\u00e9s, minden b\u00e1tor pillanat hatalmas el\u0151rel\u00e9p\u00e9s. Egy olyan emberre, aki megmutatja neki, hogy a vil\u00e1g nem csup\u00e1n f\u00e9lelmetes, hanem tele van szeretettel, biztons\u00e1ggal.<\/p>\n<p>Lehet, hogy hossz\u00fa \u00fat \u00e1ll m\u00e9g el\u0151tte, de a megfelel\u0151 kezekben Markus is megtanulhatja, hogy a vil\u00e1g nem olyan vesz\u00e9lyes, mint ahogy eddig hitte. \u00c9s ha egyszer igaz\u00e1n megny\u00edlik, a h\u0171s\u00e9ge \u00e9s szeretete felbecs\u00fclhetetlen kincs\u00e9 v\u00e1lik.<\/p>","protected":false},"excerpt":{"rendered":"<p>Markus \u00e9s h\u00e1rom t\u00e1rsa egy elkobz\u00e1si akci\u00f3 sor\u00e1n ker\u00fclt az \u00c1llatv\u00e9delmi Centrum gondoz\u00e1s\u00e1ba. Egy olyan h\u00e1zb\u00f3l mentett\u00e9k ki \u0151ket, ahol tizen\u00f6t kutya zs\u00fafol\u00f3dott \u00f6ssze egyetlen bez\u00e1rt t\u00e9rben. Nem ismert\u00e9k a k\u00fclvil\u00e1got, nem tal\u00e1lkoztak \u00faj hangokkal, illatokkal vagy emberekkel \u2013 csak egym\u00e1s k\u00f6z\u00f6tt \u00e9lt\u00e9k a napjaikat, a vil\u00e1g t\u00f6bbi r\u00e9sze el\u00e9rhetetlen maradt nekik. Markus tal\u00e1n a&hellip; <a class=\"more-link\" href=\"https:\/\/allatvedelmi-centrum.hu\/de\/kutya\/markus\/\"><span class=\"screen-reader-text\">Markus<\/span> weiterlesen<\/a><\/p>","protected":false},"author":1,"featured_media":5524,"menu_order":0,"template":"","format":"standard","meta":[],"szuro":[42,34,38],"acf":[],"_wp_attached_file":null,"_wp_attachment_metadata":null,"_elementor_is_screenshot":null,"_elementor_source_image_hash":null,"_jet_sm_fonts_cache":null,"theplus_transient_widgets":null,"_filter_label":null,"_active_label":null,"_filter_type":null,"_date_source":null,"_is_hierarchical":null,"_ih_source_map":null,"_data_source":null,"_query_switcher_notice":null,"_query_builder_queries_to_switch":null,"_query_builder_query":null,"_query_builder_value_prop":null,"_query_builder_label_prop":null,"_cct_notice":null,"_rating_options":null,"_rating_compare_operand":null,"_source_taxonomy":null,"_terms_relational_operator":null,"_source_post_type":null,"_glossary_id":null,"_glossary_notice":null,"_add_all_option":null,"_all_option_label":null,"_ability_deselect_radio":null,"_show_empty_terms":null,"_only_child":null,"_group_by_parent":null,"_source_custom_field":null,"_source_get_from_field_data":null,"_custom_field_source_plugin":null,"_source_manual_input":null,"_color_image_type":null,"_query_builder_color_prop":null,"_query_builder_image_prop":null,"_color_image_behavior":null,"_source_color_image_input":null,"_source_manual_input_range":null,"_placeholder":null,"_s_placeholder":null,"_is_custom_checkbox":null,"_s_by":null,"_date_format":null,"_date_from_placeholder":null,"_date_to_placeholder":null,"_date_period_type":null,"_date_period_datepicker_button_text":null,"_min_max_date_period_enabled":null,"_min_date_period":null,"_max_date_period":null,"_date_period_start_end_enabled":null,"_date_period_format":null,"_date_period_start_format":null,"_date_period_separator":null,"_date_period_end_format":null,"_range_inputs_enabled":null,"_range_inputs_separators_enabled":null,"_values_prefix":null,"_values_suffix":null,"_values_thousand_sep":null,"_values_decimal_sep":null,"_values_decimal_num":null,"_source_min":null,"_source_max":null,"_source_step":null,"_source_callback":null,"_use_exclude_include":null,"_data_exclude_include":null,"_alphabet_behavior":null,"_alphabet_radio_deselect":null,"_alphabet_options":null,"_query_var":null,"_is_custom_query_var":null,"_custom_query_var":null,"_query_compare":null,"license":null,"_menu_item_type":null,"_menu_item_menu_item_parent":null,"_menu_item_object_id":null,"_menu_item_object":null,"_menu_item_target":null,"_menu_item_classes":null,"_menu_item_xfn":null,"_menu_item_url":null,"_yoast_wpseo_primary_category":null,"_pingme":null,"_encloseme":null,"_elementor_screenshot_failed":null,"_form":null,"_mail":null,"_mail_2":null,"_messages":null,"_additional_settings":null,"_locale":null,"_hash":null,"_edit_last":null,"_edit_lock":null,"_wp_trash_meta_status":null,"_wp_trash_meta_time":null,"_wp_desired_post_slug":null,"_yoast_wpseo_estimated-reading-time-minutes":null,"_yoast_wpseo_wordproof_timestamp":null,"_wpgb":null,"_elementor_edit_mode":null,"_elementor_template_type":null,"_elementor_version":null,"_elementor_pro_version":null,"_wp_page_template":null,"_elementor_data":null,"_elementor_page_assets":null,"_yoast_wpseo_content_score":null,"_elementor_css":null,"_elementor_page_settings":null,"_elementor_source":null,"_elementor_conditions":null,"_elementor_screenshot":null,"Ivara":"Kan","kora":"2022-05-15","sz\u00edne":"Fekete-cser","ivartalanitott":"Igen","magasaga":"30","kutya_szama":"1757","nemet leiras":"<p>Markus \u2013 Ein kleiner K\u00e4mpfer mit gro\u00dfem Herz<br \/>\nAuch Markus und drei seiner Gef\u00e4hrten kamen im Rahmen einer beh\u00f6rdlichen Beschlagnahmung in die Obhut des Tierschutz-Zentrums. Sie alle wurden aus einem Haus gerettet, in dem f\u00fcnfzehn Hunde auf engstem Raum eingesperrt lebten. Ein Leben ohne Licht, ohne Freiheit, ohne Liebe \u2013 abgeschnitten von der Welt da drau\u00dfen.<\/p>\n<p>Sie kannten nichts au\u00dfer sich selbst. Keine freundlichen Stimmen, keine neuen Ger\u00fcche, keine sanften Ber\u00fchrungen. Ihr Leben spielte sich allein in dieser kleinen, dunklen Welt ab.<\/p>\n<p>Markus aber war von Anfang an der Mutigste von ihnen. Mutig \u2013 im Rahmen seiner M\u00f6glichkeiten. Denn auch er f\u00fcrchtet sich noch vor vielem: vor schnellen Bewegungen, unbekannten Ger\u00e4uschen \u2013 sogar der offene Himmel ist ihm noch unheimlich. Aber vielleicht ein kleines bisschen weniger als seinen Freunden.<\/p>\n<p>Ganz langsam beginnt auch Markus, Vertrauen zu fassen. Ein erster, bedeutsamer Schritt: Er war der Erste, der sich traute, Futter aus der Hand zu nehmen. Ein scheinbar kleiner Moment \u2013 und doch ein riesiges Zeichen f\u00fcr seine Bereitschaft, sich dem Leben zu \u00f6ffnen.<\/p>\n<p>Noch immer ist f\u00fcr Markus vieles fremd und be\u00e4ngstigend. Man kann ihn nicht dr\u00e4ngen \u2013 seine Geschichte ist eine Geschichte von Geduld und vielen kleinen, stillen Siegen. Er braucht einen Menschen, der ihn genau so nimmt, wie er ist. Jemanden, der versteht, dass Vertrauen wachsen muss. Dass N\u00e4he ein Geschenk ist, das Zeit braucht.<\/p>\n<p>Markus sucht einen Menschen, der ihm zeigt: Die Welt ist nicht nur gef\u00e4hrlich \u2013 sie kann auch liebevoll, sicher und sch\u00f6n sein. Ein Mensch, der ihm Schutz bietet und ihn gleichzeitig in seinem Tempo an der Hand nimmt.<\/p>\n<p>Vielleicht liegt noch ein langer Weg vor Markus. Aber in den richtigen H\u00e4nden wird auch er lernen, dass das Leben viel mehr zu bieten hat als Angst. Und wenn er eines Tages ganz vertraut, dann wird seine Liebe und seine Treue zu einem unbezahlbaren Geschenk \u2013 ehrlich, tief und f\u00fcr immer.<\/p>\n","_thumbnail_id":"5524","nemet_bemutato":"Markus \u2013 Ein kleiner K\u00e4mpfer mit gro\u00dfem Herz\nAuch Markus und drei seiner Gef\u00e4hrten kamen im Rahmen einer beh\u00f6rdlichen Beschlagnahmung in die Obhut des Tierschutz-Zentrums. Sie alle wurden aus einem Haus gerettet, in dem f\u00fcnfzehn Hunde auf engstem Raum eingespe","yoast_head":"<!-- This site is optimized with the Yoast SEO Premium plugin v22.6 (Yoast SEO v22.6) - https:\/\/yoast.com\/wordpress\/plugins\/seo\/ -->\n<title>Markus - \u00c1llatv\u00e9delmi-centrum<\/title>\n<meta name=\"robots\" content=\"index, follow, max-snippet:-1, max-image-preview:large, max-video-preview:-1\" \/>\n<link rel=\"canonical\" href=\"https:\/\/allatvedelmi-centrum.hu\/de\/kutya\/markus\/\" \/>\n<meta property=\"og:locale\" content=\"de_DE\" \/>\n<meta property=\"og:type\" content=\"article\" \/>\n<meta property=\"og:title\" content=\"Markus\" \/>\n<meta property=\"og:description\" content=\"Markus \u00e9s h\u00e1rom t\u00e1rsa egy elkobz\u00e1si akci\u00f3 sor\u00e1n ker\u00fclt az \u00c1llatv\u00e9delmi Centrum gondoz\u00e1s\u00e1ba. Egy olyan h\u00e1zb\u00f3l mentett\u00e9k ki \u0151ket, ahol tizen\u00f6t kutya zs\u00fafol\u00f3dott \u00f6ssze egyetlen bez\u00e1rt t\u00e9rben. Nem ismert\u00e9k a k\u00fclvil\u00e1got, nem tal\u00e1lkoztak \u00faj hangokkal, illatokkal vagy emberekkel \u2013 csak egym\u00e1s k\u00f6z\u00f6tt \u00e9lt\u00e9k a napjaikat, a vil\u00e1g t\u00f6bbi r\u00e9sze el\u00e9rhetetlen maradt nekik. Markus tal\u00e1n a&hellip; Markus weiterlesen\" \/>\n<meta property=\"og:url\" content=\"https:\/\/allatvedelmi-centrum.hu\/de\/kutya\/markus\/\" \/>\n<meta property=\"og:site_name\" content=\"\u00c1llatv\u00e9delmi-centrum\" \/>\n<meta property=\"article:modified_time\" content=\"2025-11-12T15:36:03+00:00\" \/>\n<meta property=\"og:image\" content=\"https:\/\/allatvedelmi-centrum.hu\/wp-content\/uploads\/2025\/05\/Markus1file.jpeg\" \/>\n\t<meta property=\"og:image:width\" content=\"317\" \/>\n\t<meta property=\"og:image:height\" content=\"238\" \/>\n\t<meta property=\"og:image:type\" content=\"image\/jpeg\" \/>\n<meta name=\"twitter:card\" content=\"summary_large_image\" \/>\n<meta name=\"twitter:label1\" content=\"Gesch\u00e4tzte Lesezeit\" \/>\n\t<meta name=\"twitter:data1\" content=\"1 Minute\" \/>\n<script type=\"application\/ld+json\" class=\"yoast-schema-graph\">{\"@context\":\"https:\/\/schema.org\",\"@graph\":[{\"@type\":\"WebPage\",\"@id\":\"https:\/\/allatvedelmi-centrum.hu\/kutya\/markus\/\",\"url\":\"https:\/\/allatvedelmi-centrum.hu\/kutya\/markus\/\",\"name\":\"Markus - \u00c1llatv\u00e9delmi-centrum\",\"isPartOf\":{\"@id\":\"https:\/\/allatvedelmi-centrum.hu\/#website\"},\"primaryImageOfPage\":{\"@id\":\"https:\/\/allatvedelmi-centrum.hu\/kutya\/markus\/#primaryimage\"},\"image\":{\"@id\":\"https:\/\/allatvedelmi-centrum.hu\/kutya\/markus\/#primaryimage\"},\"thumbnailUrl\":\"https:\/\/allatvedelmi-centrum.hu\/wp-content\/uploads\/2025\/05\/Markus1file.jpeg\",\"datePublished\":\"2025-05-05T12:43:43+00:00\",\"dateModified\":\"2025-11-12T15:36:03+00:00\",\"breadcrumb\":{\"@id\":\"https:\/\/allatvedelmi-centrum.hu\/kutya\/markus\/#breadcrumb\"},\"inLanguage\":\"de-DE\",\"potentialAction\":[{\"@type\":\"ReadAction\",\"target\":[\"https:\/\/allatvedelmi-centrum.hu\/kutya\/markus\/\"]}]},{\"@type\":\"ImageObject\",\"inLanguage\":\"de-DE\",\"@id\":\"https:\/\/allatvedelmi-centrum.hu\/kutya\/markus\/#primaryimage\",\"url\":\"https:\/\/allatvedelmi-centrum.hu\/wp-content\/uploads\/2025\/05\/Markus1file.jpeg\",\"contentUrl\":\"https:\/\/allatvedelmi-centrum.hu\/wp-content\/uploads\/2025\/05\/Markus1file.jpeg\",\"width\":317,\"height\":238},{\"@type\":\"BreadcrumbList\",\"@id\":\"https:\/\/allatvedelmi-centrum.hu\/kutya\/markus\/#breadcrumb\",\"itemListElement\":[{\"@type\":\"ListItem\",\"position\":1,\"name\":\"Kezd\u0151lap\",\"item\":\"https:\/\/allatvedelmi-centrum.hu\/\"},{\"@type\":\"ListItem\",\"position\":2,\"name\":\"Markus\"}]},{\"@type\":\"WebSite\",\"@id\":\"https:\/\/allatvedelmi-centrum.hu\/#website\",\"url\":\"https:\/\/allatvedelmi-centrum.hu\/\",\"name\":\"\u00c1llatv\u00e9delmi-centrum\",\"description\":\"\",\"publisher\":{\"@id\":\"https:\/\/allatvedelmi-centrum.hu\/#organization\"},\"potentialAction\":[{\"@type\":\"SearchAction\",\"target\":{\"@type\":\"EntryPoint\",\"urlTemplate\":\"https:\/\/allatvedelmi-centrum.hu\/?s={search_term_string}\"},\"query-input\":\"required name=search_term_string\"}],\"inLanguage\":\"de-DE\"},{\"@type\":\"Organization\",\"@id\":\"https:\/\/allatvedelmi-centrum.hu\/#organization\",\"name\":\"\u00c1llatv\u00e9delmi-centrum\",\"url\":\"https:\/\/allatvedelmi-centrum.hu\/\",\"logo\":{\"@type\":\"ImageObject\",\"inLanguage\":\"de-DE\",\"@id\":\"https:\/\/allatvedelmi-centrum.hu\/#\/schema\/logo\/image\/\",\"url\":\"https:\/\/allatvedelmi-centrum.hu\/wp-content\/uploads\/2023\/10\/logo-x-1.jpg\",\"contentUrl\":\"https:\/\/allatvedelmi-centrum.hu\/wp-content\/uploads\/2023\/10\/logo-x-1.jpg\",\"width\":1701,\"height\":425,\"caption\":\"\u00c1llatv\u00e9delmi-centrum\"},\"image\":{\"@id\":\"https:\/\/allatvedelmi-centrum.hu\/#\/schema\/logo\/image\/\"}}]}<\/script>\n<!-- \/ Yoast SEO Premium plugin. -->","yoast_head_json":{"title":"Markus - \u00c1llatv\u00e9delmi-centrum","robots":{"index":"index","follow":"follow","max-snippet":"max-snippet:-1","max-image-preview":"max-image-preview:large","max-video-preview":"max-video-preview:-1"},"canonical":"https:\/\/allatvedelmi-centrum.hu\/de\/kutya\/markus\/","og_locale":"de_DE","og_type":"article","og_title":"Markus","og_description":"Markus \u00e9s h\u00e1rom t\u00e1rsa egy elkobz\u00e1si akci\u00f3 sor\u00e1n ker\u00fclt az \u00c1llatv\u00e9delmi Centrum gondoz\u00e1s\u00e1ba. Egy olyan h\u00e1zb\u00f3l mentett\u00e9k ki \u0151ket, ahol tizen\u00f6t kutya zs\u00fafol\u00f3dott \u00f6ssze egyetlen bez\u00e1rt t\u00e9rben. Nem ismert\u00e9k a k\u00fclvil\u00e1got, nem tal\u00e1lkoztak \u00faj hangokkal, illatokkal vagy emberekkel \u2013 csak egym\u00e1s k\u00f6z\u00f6tt \u00e9lt\u00e9k a napjaikat, a vil\u00e1g t\u00f6bbi r\u00e9sze el\u00e9rhetetlen maradt nekik. Markus tal\u00e1n a&hellip; Markus weiterlesen","og_url":"https:\/\/allatvedelmi-centrum.hu\/de\/kutya\/markus\/","og_site_name":"\u00c1llatv\u00e9delmi-centrum","article_modified_time":"2025-11-12T15:36:03+00:00","og_image":[{"width":317,"height":238,"url":"https:\/\/allatvedelmi-centrum.hu\/wp-content\/uploads\/2025\/05\/Markus1file.jpeg","type":"image\/jpeg"}],"twitter_card":"summary_large_image","twitter_misc":{"Gesch\u00e4tzte Lesezeit":"1 Minute"},"schema":{"@context":"https:\/\/schema.org","@graph":[{"@type":"WebPage","@id":"https:\/\/allatvedelmi-centrum.hu\/kutya\/markus\/","url":"https:\/\/allatvedelmi-centrum.hu\/kutya\/markus\/","name":"Markus - \u00c1llatv\u00e9delmi-centrum","isPartOf":{"@id":"https:\/\/allatvedelmi-centrum.hu\/#website"},"primaryImageOfPage":{"@id":"https:\/\/allatvedelmi-centrum.hu\/kutya\/markus\/#primaryimage"},"image":{"@id":"https:\/\/allatvedelmi-centrum.hu\/kutya\/markus\/#primaryimage"},"thumbnailUrl":"https:\/\/allatvedelmi-centrum.hu\/wp-content\/uploads\/2025\/05\/Markus1file.jpeg","datePublished":"2025-05-05T12:43:43+00:00","dateModified":"2025-11-12T15:36:03+00:00","breadcrumb":{"@id":"https:\/\/allatvedelmi-centrum.hu\/kutya\/markus\/#breadcrumb"},"inLanguage":"de-DE","potentialAction":[{"@type":"ReadAction","target":["https:\/\/allatvedelmi-centrum.hu\/kutya\/markus\/"]}]},{"@type":"ImageObject","inLanguage":"de-DE","@id":"https:\/\/allatvedelmi-centrum.hu\/kutya\/markus\/#primaryimage","url":"https:\/\/allatvedelmi-centrum.hu\/wp-content\/uploads\/2025\/05\/Markus1file.jpeg","contentUrl":"https:\/\/allatvedelmi-centrum.hu\/wp-content\/uploads\/2025\/05\/Markus1file.jpeg","width":317,"height":238},{"@type":"BreadcrumbList","@id":"https:\/\/allatvedelmi-centrum.hu\/kutya\/markus\/#breadcrumb","itemListElement":[{"@type":"ListItem","position":1,"name":"Kezd\u0151lap","item":"https:\/\/allatvedelmi-centrum.hu\/"},{"@type":"ListItem","position":2,"name":"Markus"}]},{"@type":"WebSite","@id":"https:\/\/allatvedelmi-centrum.hu\/#website","url":"https:\/\/allatvedelmi-centrum.hu\/","name":"\u00c1llatv\u00e9delmi-centrum","description":"","publisher":{"@id":"https:\/\/allatvedelmi-centrum.hu\/#organization"},"potentialAction":[{"@type":"SearchAction","target":{"@type":"EntryPoint","urlTemplate":"https:\/\/allatvedelmi-centrum.hu\/?s={search_term_string}"},"query-input":"required name=search_term_string"}],"inLanguage":"de-DE"},{"@type":"Organization","@id":"https:\/\/allatvedelmi-centrum.hu\/#organization","name":"\u00c1llatv\u00e9delmi-centrum","url":"https:\/\/allatvedelmi-centrum.hu\/","logo":{"@type":"ImageObject","inLanguage":"de-DE","@id":"https:\/\/allatvedelmi-centrum.hu\/#\/schema\/logo\/image\/","url":"https:\/\/allatvedelmi-centrum.hu\/wp-content\/uploads\/2023\/10\/logo-x-1.jpg","contentUrl":"https:\/\/allatvedelmi-centrum.hu\/wp-content\/uploads\/2023\/10\/logo-x-1.jpg","width":1701,"height":425,"caption":"\u00c1llatv\u00e9delmi-centrum"},"image":{"@id":"https:\/\/allatvedelmi-centrum.hu\/#\/schema\/logo\/image\/"}}]}},"_links":{"self":[{"href":"https:\/\/allatvedelmi-centrum.hu\/de\/wp-json\/wp\/v2\/kutya\/5522"}],"collection":[{"href":"https:\/\/allatvedelmi-centrum.hu\/de\/wp-json\/wp\/v2\/kutya"}],"about":[{"href":"https:\/\/allatvedelmi-centrum.hu\/de\/wp-json\/wp\/v2\/types\/kutya"}],"author":[{"embeddable":true,"href":"https:\/\/allatvedelmi-centrum.hu\/de\/wp-json\/wp\/v2\/users\/1"}],"version-history":[{"count":1,"href":"https:\/\/allatvedelmi-centrum.hu\/de\/wp-json\/wp\/v2\/kutya\/5522\/revisions"}],"predecessor-version":[{"id":5523,"href":"https:\/\/allatvedelmi-centrum.hu\/de\/wp-json\/wp\/v2\/kutya\/5522\/revisions\/5523"}],"wp:featuredmedia":[{"embeddable":true,"href":"https:\/\/allatvedelmi-centrum.hu\/de\/wp-json\/wp\/v2\/media\/5524"}],"wp:attachment":[{"href":"https:\/\/allatvedelmi-centrum.hu\/de\/wp-json\/wp\/v2\/media?parent=5522"}],"wp:term":[{"taxonomy":"szuro","embeddable":true,"href":"https:\/\/allatvedelmi-centrum.hu\/de\/wp-json\/wp\/v2\/szuro?post=5522"}],"curies":[{"name":"wp","href":"https:\/\/api.w.org\/{rel}","templated":true}]}}